{"id":13557,"date":"2023-02-18T13:41:13","date_gmt":"2023-02-18T12:41:13","guid":{"rendered":"https:\/\/www.gesamtschule-stade.de\/?page_id=13557"},"modified":"2023-02-19T19:58:03","modified_gmt":"2023-02-19T18:58:03","slug":"foerderverein-2-3-2","status":"publish","type":"page","link":"https:\/\/www.gesamtschule-stade.de\/?page_id=13557","title":{"rendered":"Das kleine IGS-W\u00f6rterbuch"},"content":{"rendered":"<div class=\"wpb-content-wrapper\"><p>[vc_row css=\u201d.vc_custom_1500935168314{margin-top: 20px !important;}\u201d][vc_column][vc_custom_heading text=\u201cDas klei\u00adne IGS-W\u00f6r\u00adter\u00adbuch\u201d font_container=\u201ctag:h2|text_align:left|color:%23329a65\u201d google_fonts=\u201cfont_family:Raleway%<span class=\"caps\">3A100<\/span>%<span class=\"caps\">2C200<\/span>%<span class=\"caps\">2C300<\/span>%2Cregular%<span class=\"caps\">2C500<\/span>%<span class=\"caps\">2C600<\/span>%<span class=\"caps\">2C700<\/span>%<span class=\"caps\">2C800<\/span>%<span class=\"caps\">2C900<\/span>|font_style:400%20regular%<span class=\"caps\">3A400<\/span>%3Anormal\u201d][vc_separator color=\u201ccustom\u201d accent_color=\u201c#329a65\u201d][\/vc_column][\/vc_row][vc_row][vc_column][vc_column_text]<\/p>\n<div class=\"wpg-list-wrapper wpg-list-wrapper-template-alphabet\"><div class=\"wpg-list-search-form wpg-list-search-form-position-above\"><input type=\"text\" placeholder=\"Suche\" value><\/div><div class=\"wpg-list-filter-container\"><div class=\"wpg-list-filter\"><span class=\"wpg-list-filter-row\"><a class=\" filter active\" data-filter=\"all\">Alle<\/a><a class=\" filter\" data-filter=\".wpg-filter-a\">A<\/a><a class=\" filter\" data-filter=\".wpg-filter-b\">B<\/a><a class=\" filter\" data-filter=\".wpg-filter-c\">C<\/a><a class=\" filter\" data-filter=\".wpg-filter-d\">D<\/a><a class=\" filter\" data-filter=\".wpg-filter-e\">E<\/a><a class=\" filter\" data-filter=\".wpg-filter-f\">F<\/a><a class=\" filter\" data-filter=\".wpg-filter-g\">G<\/a><a class=\" filter\" data-filter=\".wpg-filter-h\">H<\/a><a class=\" filter\" data-filter=\".wpg-filter-i\">I<\/a><a class=\" filter\" data-filter=\".wpg-filter-j\">J<\/a><a class=\" filter\" data-filter=\".wpg-filter-k\">K<\/a><a class=\" filter\" data-filter=\".wpg-filter-l\">L<\/a><a class=\" filter\" data-filter=\".wpg-filter-m\">M<\/a><a class=\" filter\" data-filter=\".wpg-filter-n\">N<\/a><a class=\" filter\" data-filter=\".wpg-filter-o\">O<\/a><a class=\" filter\" data-filter=\".wpg-filter-p\">P<\/a><a class=\" filter\" data-filter=\".wpg-filter-r\">R<\/a><a class=\" filter\" data-filter=\".wpg-filter-s\">S<\/a><a class=\" filter\" data-filter=\".wpg-filter-t\">T<\/a><a class=\" filter\" data-filter=\".wpg-filter-u\">U<\/a><a class=\" filter\" data-filter=\".wpg-filter-v\">V<\/a><a class=\" filter\" data-filter=\".wpg-filter-w\">W<\/a><a class=\" filter\" data-filter=\".wpg-filter-z\">Z<\/a><\/span><\/div><\/div><div class=\"wpg-list wpg-list-template-one-column\"><div class=\"wpg-list-block wpg-filter-a mix\" data-filter-base=\"a\"><h3 class=\"wpg-list-block-heading\">A<\/h3><ul class=\"wpg-list-items\"><li class=\"wpg-list-item\"><a class=\"wpg-list-item-title wpg-tooltip\" title=\"<h3 class=&quot;wpg-tooltip-title&quot;><span class=&quot;wpg-tooltip-term-title&quot;>Abitur<\/span><\/h3><div class=&quot;wpg-tooltip-content&quot;><p style=&quot;text-align: justify;&quot;>Das <strong>Abitur<\/strong> ist der Schulabschluss der gymnasialen Oberstufe. Die Abiturpr\u00fcfungen werden am Ende des 13. Schuljahres abgelegt. Die vier schriftlichen Pr\u00fcfungen werden zentral vom Land gestellt, die m\u00fcndliche Pr\u00fcfung von der Schule. Das Abitur erm\u00f6glicht den Zugang zur Universit\u00e4t und Fachhochschule.<\/p>\n<\/div>\" href=\"https:\/\/www.gesamtschule-stade.de\/?glossary=abitur\">Ab\u00aditur<\/a><\/li><li class=\"wpg-list-item\"><a class=\"wpg-list-item-title wpg-tooltip\" title=\"<h3 class=&quot;wpg-tooltip-title&quot;><span class=&quot;wpg-tooltip-term-title&quot;>Abschl\u00fcsse<\/span><\/h3><div class=&quot;wpg-tooltip-content&quot;><p style=&quot;text-align: justify;&quot;>Abschl\u00fcsse oder Schulabschl\u00fcsse werden mit einem Zeugnis erteilt und belegen den erfolgreichen Besuch und Abschluss einer Schule. Bei uns gibt es nach der Klasse 9 den F\u00f6rderschulabschluss und den Hauptschulabschluss. Nach der Klasse 10 kann man den Sekundarabschluss I \u2013 Hauptschulabschluss, den Sekundarabschluss I \u2013 Realschulabschluss und den erweiterten Sekundarabschluss I erreichen. Der erweiterte Sekundarabschluss I erm\u00f6glicht den Besuch der gymnasialen Oberstufe.<\/p>\n<\/div>\" href=\"https:\/\/www.gesamtschule-stade.de\/?glossary=abschluesse\">Ab\u00adschl\u00fcs\u00adse<\/a><\/li><li class=\"wpg-list-item\"><a class=\"wpg-list-item-title wpg-tooltip\" title=\"<h3 class=&quot;wpg-tooltip-title&quot;><span class=&quot;wpg-tooltip-term-title&quot;><span class=&quot;caps&quot;>AG<\/span><\/span><\/h3><div class=&quot;wpg-tooltip-content&quot;><p style=&quot;text-align: justify;&quot;>Die Abk\u00fcrzung AG steht in unserer Schule f\u00fcr <strong>A<\/strong>rbeits<strong>g<\/strong>ruppen, die sich zeitweise mit bestimmten Themen auseinandersetzen und je nach Thema mit Erziehungsberechtigten, Lehrkr\u00e4ften und Sch\u00fcler*innen besetzt sind, z.B. zum Thema \u201eDigitalisierung\u201c.<\/p>\n<\/div>\" href=\"https:\/\/www.gesamtschule-stade.de\/?glossary=ag\"><span class=\"caps\">AG<\/span><\/a><\/li><li class=\"wpg-list-item\"><a class=\"wpg-list-item-title wpg-tooltip\" title=\"<h3 class=&quot;wpg-tooltip-title&quot;><span class=&quot;wpg-tooltip-term-title&quot;>Arbeitsverhalten (<span class=&quot;caps&quot;>AV<\/span>)<\/span><\/h3><div class=&quot;wpg-tooltip-content&quot;><p style=&quot;text-align: justify;&quot;>Im Lernentwicklungsbericht (LEB) wird das Arbeitsverhalten unserer Sch\u00fcler*innen differenziert bewertet. Es gibt u.a. eine R\u00fcckmeldung zu Sorgfalt, Ausdauer, Verl\u00e4sslichkeit, Leistungsbereitschaft, Zielorientierung, Selbstst\u00e4ndigkeit und Teamf\u00e4higkeit.<\/p>\n<\/div>\" href=\"https:\/\/www.gesamtschule-stade.de\/?glossary=arbeitsverhalten-av\">Ar\u00adbeits\u00adver\u00adhal\u00adten (<span class=\"caps\">AV<\/span>)<\/a><\/li><li class=\"wpg-list-item\"><a class=\"wpg-list-item-title wpg-tooltip\" title=\"<h3 class=&quot;wpg-tooltip-title&quot;><span class=&quot;wpg-tooltip-term-title&quot;>Aufnahme von Sch\u00fcler*innen<\/span><\/h3><div class=&quot;wpg-tooltip-content&quot;><p style=&quot;text-align: justify;&quot;>Bisher hatten wir in jedem Schuljahr mehr Anmeldungen als Pl\u00e4tze. F\u00fcr diesen Fall sieht der Gesetzgeber f\u00fcr die Gesamtschulen ein differenziertes Losverfahren vor: Die angemeldeten Sch\u00fcler*innen werden vier Lost\u00f6pfen zugewiesen. Relevant f\u00fcr die Zuordnung zu den Lost\u00f6pfen sind die Noten der F\u00e4cher Deutsch, Mathe und Sachunterricht im Halbjahreszeugnis der 4. Klasse. Die Gr\u00f6\u00dfe der Lost\u00f6pfe entspricht prozentual der Gr\u00f6\u00dfe der entsprechenden Leistungsgruppen in den vierten Klassen der Grundschulen der Hansestadt Stade.<\/p>\n<p style=&quot;text-align: justify;&quot;>Au\u00dferdem gilt: Geschwisterkinder und Stadtkinder haben Vorrang. Landkreiskinder d\u00fcrfen erst aufgenommen werden, wenn ein Lostopf nicht von Stadtkindern gef\u00fcllt wurde.<\/p>\n<p style=&quot;text-align: justify;&quot;>In h\u00f6heren Jahrg\u00e4ngen k\u00f6nnen wir nur dann Sch\u00fcler*innen aufnehmen, wenn Pl\u00e4tze frei werden.<\/p>\n<\/div>\" href=\"https:\/\/www.gesamtschule-stade.de\/?glossary=aufnahme-von-schuelerinnen\">Auf\u00adnah\u00adme von Sch\u00fcler*innen<\/a><\/li><li class=\"wpg-list-item\"><a class=\"wpg-list-item-title wpg-tooltip\" title=\"<h3 class=&quot;wpg-tooltip-title&quot;><span class=&quot;wpg-tooltip-term-title&quot;>Award<\/span><\/h3><div class=&quot;wpg-tooltip-content&quot;><p style=&quot;text-align: justify;&quot;>Awards sind Auszeichnungen, die am Schuljahresende f\u00fcr besonderes Engagement oder besondere Entwicklungen vergeben werden.<\/p>\n<\/div>\" href=\"https:\/\/www.gesamtschule-stade.de\/?glossary=award\">Award<\/a><\/li><li class=\"wpg-list-item\"><a class=\"wpg-list-item-title wpg-tooltip\" title=\"<h3 class=&quot;wpg-tooltip-title&quot;><span class=&quot;wpg-tooltip-term-title&quot;><span class=&quot;caps&quot;>AWT<\/span><\/span><\/h3><div class=&quot;wpg-tooltip-content&quot;><p style=&quot;text-align: justify;&quot;><strong>A<\/strong>rbeit-<strong>W<\/strong>irtschaft-<strong>T<\/strong>echnik. In diesem Unterrichtsfach werden Inhalte rund um Wirtschaft und Beruf vermittelt. Der AWT-Unterricht f\u00f6rdert auch praktische Kompetenzen, unterst\u00fctzt die Berufsorientierung und begleitet die Schulpraktika.<\/p>\n<\/div>\" href=\"https:\/\/www.gesamtschule-stade.de\/?glossary=awt\"><span class=\"caps\">AWT<\/span><\/a><\/li><\/ul><\/div><div class=\"wpg-list-block wpg-filter-b mix\" data-filter-base=\"b\"><h3 class=\"wpg-list-block-heading\">B<\/h3><ul class=\"wpg-list-items\"><li class=\"wpg-list-item\"><a class=\"wpg-list-item-title wpg-tooltip\" title=\"<h3 class=&quot;wpg-tooltip-title&quot;><span class=&quot;wpg-tooltip-term-title&quot;>Beratung<\/span><\/h3><div class=&quot;wpg-tooltip-content&quot;><p style=&quot;text-align: justify;&quot;>Das Leben und die Schule laufen nicht immer rund. Wenn mal was nicht rund l\u00e4uft, kann Beratung oft helfen, L\u00f6sungen zu finden. Das Beratungsteam der Schule ber\u00e4t bei h\u00e4uslichen und schulischen Problemen. Die Beratung ist vertraulich.<\/p>\n<\/div>\" href=\"https:\/\/www.gesamtschule-stade.de\/?glossary=beratung\">Be\u00adra\u00adtung<\/a><\/li><li class=\"wpg-list-item\"><a class=\"wpg-list-item-title wpg-tooltip\" title=\"<h3 class=&quot;wpg-tooltip-title&quot;><span class=&quot;wpg-tooltip-term-title&quot;>Berufsorientierung<\/span><\/h3><div class=&quot;wpg-tooltip-content&quot;><p style=&quot;text-align: justify;&quot;>Durch viele Angebote und Ma\u00dfnahmen unterst\u00fctzt die Schule die Berufsorientierung der Sch\u00fcler*innen. Gef\u00f6rdert werden sowohl die Ausbildungsf\u00e4higkeit (\u201eWas muss ich bereits k\u00f6nnen, um einen Beruf zu erlernen?\u201c) als auch die Berufswahlkompetenz (\u201eWas will ich \u00fcberhaupt werden?\u201c).<\/p>\n<\/div>\" href=\"https:\/\/www.gesamtschule-stade.de\/?glossary=berufsorientierung\">Be\u00adrufs\u00adori\u00aden\u00adtie\u00adrung<\/a><\/li><li class=\"wpg-list-item\"><a class=\"wpg-list-item-title wpg-tooltip\" title=\"<h3 class=&quot;wpg-tooltip-title&quot;><span class=&quot;wpg-tooltip-term-title&quot;>Beschwerden<\/span><\/h3><div class=&quot;wpg-tooltip-content&quot;><p style=&quot;text-align: justify;&quot;>Eine vertrauensvolle Zusammenarbeit zwischen allen Mitgliedern der Schulgemeinschaft (Sch\u00fcler*innen, Erziehungsberechtigte, Lehrer*innen sowie Mitarbeiter*innen) ist f\u00fcr uns selbstverst\u00e4ndlich.<\/p>\n<p style=&quot;text-align: justify;&quot;>So unerfreulich Beschwerden auch sein m\u00f6gen, sie enthalten oft wichtige Ansatzpunkte f\u00fcr positive Entwicklungen in der Schule. Entscheidend ist die Art des Umgangs mit den Beschwerden. Zwischenmenschliche Konflikte sollen so gel\u00f6st werden, dass die beteiligten Personen wieder handlungsf\u00e4hig werden. Dieser professionelle Umgang mit Problemen und Beschwerden steigert die Zufriedenheit und tr\u00e4gt zum positiven Schulklima bei. Konflikte werden dort bearbeitet, wo sie auftreten. Die n\u00e4chste Ebene wird erst dann eingeschaltet, wenn die direkt Beteiligten keine Kl\u00e4rung herbeif\u00fchren k\u00f6nnen. Eine Konfliktl\u00f6sung im pers\u00f6nlichen Gespr\u00e4ch ist meist zielf\u00fchrender als wechselseitiger Schriftverkehr. Wer sich pers\u00f6nlich angegriffen f\u00fchlt, sollte nie schriftlich reagieren, sondern immer das direkte Gespr\u00e4ch suchen.<\/p>\n<\/div>\" href=\"https:\/\/www.gesamtschule-stade.de\/?glossary=beschwerden\">Be\u00adschwer\u00adden<\/a><\/li><li class=\"wpg-list-item\"><a class=\"wpg-list-item-title wpg-tooltip\" title=\"<h3 class=&quot;wpg-tooltip-title&quot;><span class=&quot;wpg-tooltip-term-title&quot;>Betriebspraktikum<\/span><\/h3><div class=&quot;wpg-tooltip-content&quot;><p style=&quot;text-align: justify;&quot;>An der IGS Stade findet in den Jahrg\u00e4ngen 8, 9 und 11 jeweils ein zweiw\u00f6chiges Betriebspraktikum statt. Ziel dieser Praktika ist es, unterschiedliche Berufe und Arbeitswelten kennenzulernen und so berufliche Erfahrungen zu sammeln. Somit sind die Praktika ein wichtiger Bestanteil der Berufsorientierung. In den Praktika werden die Sch\u00fcler*innen von den Klassenlehrkr\u00e4ften besucht.<\/p>\n<\/div>\" href=\"https:\/\/www.gesamtschule-stade.de\/?glossary=betriebspraktikum\">Be\u00adtriebs\u00adprak\u00adti\u00adkum<\/a><\/li><li class=\"wpg-list-item\"><a class=\"wpg-list-item-title wpg-tooltip\" title=\"<h3 class=&quot;wpg-tooltip-title&quot;><span class=&quot;wpg-tooltip-term-title&quot;>Bildungsspender<\/span><\/h3><div class=&quot;wpg-tooltip-content&quot;><p style=&quot;text-align: justify;&quot;>\u00dcber den Bildungsspender erh\u00e4lt unser F\u00f6rderverein regelm\u00e4\u00dfig zus\u00e4tzliche Spenden. Wer seinen Online-Einkauf \u00fcber die Seite <a href=&quot;https:\/\/www.bildungsspender.de\/&quot; target=&quot;_blank&quot; rel=&quot;noopener&quot;>www.bildungsspender.de<\/a> startet, kann beim Einkaufen ohne Mehrausgaben kleine Spenden f\u00fcr den F\u00f6rderverein der IGS Stade erzeugen.<\/p>\n<\/div>\" href=\"https:\/\/www.gesamtschule-stade.de\/?glossary=bildungsspender\">Bil\u00addungs\u00adspen\u00adder<\/a><\/li><li class=\"wpg-list-item\"><a class=\"wpg-list-item-title wpg-tooltip\" title=\"<h3 class=&quot;wpg-tooltip-title&quot;><span class=&quot;wpg-tooltip-term-title&quot;>BuT<\/span><\/h3><div class=&quot;wpg-tooltip-content&quot;><p style=&quot;text-align: justify;&quot;>BuT steht f\u00fcr \u201e<strong>B<\/strong>ildung <strong>u<\/strong>nd <strong>T<\/strong>eilhabe\u201c und beschreibt ein Bundesgesetz zur Unterst\u00fctzung bed\u00fcrftiger Kinder. Die Unterst\u00fctzung erm\u00f6glicht eine kostenlose Ausleihe der Schulb\u00fccher, das kostenlose Mensaessen, die \u00dcbernahme der Kosten f\u00fcr Ausfl\u00fcge und Klassenfahrten und \u00e4hnliches. Antr\u00e4ge sind im Sekretariat erh\u00e4ltlich. Vor Klassenfahrten werden die Antr\u00e4ge in der Regel von den Lehrkr\u00e4ften mit den allgemeinen Informationen zur Fahrt ausgegeben. Je nachdem, woher die Familie ihre Leistungen bezieht, gehen die Antr\u00e4ge an das Jobcenter oder an den Landkreis Stade.<\/p>\n<\/div>\" href=\"https:\/\/www.gesamtschule-stade.de\/?glossary=but\">BuT<\/a><\/li><\/ul><\/div><div class=\"wpg-list-block wpg-filter-c mix\" data-filter-base=\"c\"><h3 class=\"wpg-list-block-heading\">C<\/h3><ul class=\"wpg-list-items\"><li class=\"wpg-list-item\"><a class=\"wpg-list-item-title wpg-tooltip\" title=\"<h3 class=&quot;wpg-tooltip-title&quot;><span class=&quot;wpg-tooltip-term-title&quot;>Cafeteria<\/span><\/h3><div class=&quot;wpg-tooltip-content&quot;><p style=&quot;text-align: justify;&quot;>Unsere Cafeteria befindet sich im Erdgeschoss. Sie ist montags bis donnerstags von 08:30 \u2013 11:30 Uhr ge\u00f6ffnet. Das Cafeteria-Team freut sich immer \u00fcber ehrenamtliche Unterst\u00fctzung von Gro\u00dfeltern und Erziehungsberechtigten. Wer von Zeit zu Zeit stundenweise mithelfen m\u00f6chte, kann sich bei der Leitung der Cafeteria melden. Die Kontaktdaten finden sich auf der Homepage.<\/p>\n<\/div>\" href=\"https:\/\/www.gesamtschule-stade.de\/?glossary=cafeteria\">Ca\u00adfe\u00adte\u00adria<\/a><\/li><li class=\"wpg-list-item\"><a class=\"wpg-list-item-title wpg-tooltip\" title=\"<h3 class=&quot;wpg-tooltip-title&quot;><span class=&quot;wpg-tooltip-term-title&quot;>Checklisten<\/span><\/h3><div class=&quot;wpg-tooltip-content&quot;><p style=&quot;text-align: justify;&quot;>Checklisten gibt es in verschiedenen F\u00e4chern. Am h\u00e4ufigsten werden sie in Mathe und Deutsch genutzt. In den Checklisten werden die Aufgaben aufgelistet, die Sch\u00fcler*innen bearbeiten, um eine bestimmte Kompetenz zu erwerben. Die Checklisten bieten in der Regel Aufgaben auf zwei oder drei Anforderungsniveaus.<\/p>\n<\/div>\" href=\"https:\/\/www.gesamtschule-stade.de\/?glossary=checklisten\">Check\u00adlis\u00adten<\/a><\/li><\/ul><\/div><div class=\"wpg-list-block wpg-filter-d mix\" data-filter-base=\"d\"><h3 class=\"wpg-list-block-heading\">D<\/h3><ul class=\"wpg-list-items\"><li class=\"wpg-list-item\"><a class=\"wpg-list-item-title wpg-tooltip\" title=\"<h3 class=&quot;wpg-tooltip-title&quot;><span class=&quot;wpg-tooltip-term-title&quot;>D\u2019Art<\/span><\/h3><div class=&quot;wpg-tooltip-content&quot;><p style=&quot;text-align: justify;&quot;>D'Art ist der Name des Kunst-Profils in der Qualifikationsphase in der Oberstufe. Der Profilkurs hat gemeinsam Deutsch und Kunst auf erh\u00f6htem Niveau sowie das Seminarfach.<\/p>\n<\/div>\" href=\"https:\/\/www.gesamtschule-stade.de\/?glossary=dart\">D\u2019Art<\/a><\/li><li class=\"wpg-list-item\"><a class=\"wpg-list-item-title wpg-tooltip\" title=\"<h3 class=&quot;wpg-tooltip-title&quot;><span class=&quot;wpg-tooltip-term-title&quot;>Darstellendes Spiel (Unterrichtsfach)<\/span><\/h3><div class=&quot;wpg-tooltip-content&quot;><p style=&quot;text-align: justify;&quot;>Im Unterrichtsfach \u201e<strong>D<\/strong>arstellendes <strong>S<\/strong>piel\u201c (DS) geht es um das Theaterspiel in seinen verschiedenen Formen. Das Fach Darstellendes Spiel kann in den Jahrg\u00e4ngen 11 bis 13 alternativ oder erg\u00e4nzend zu den F\u00e4chern Kunst und Musik gew\u00e4hlt werden.<\/p>\n<\/div>\" href=\"https:\/\/www.gesamtschule-stade.de\/?glossary=darstellendes-spiel\">Dar\u00adstel\u00adlen\u00addes Spiel (Un\u00adter\u00adrichts\u00adfach)<\/a><\/li><li class=\"wpg-list-item\"><a class=\"wpg-list-item-title wpg-tooltip\" title=\"<h3 class=&quot;wpg-tooltip-title&quot;><span class=&quot;wpg-tooltip-term-title&quot;>DaZ<\/span><\/h3><div class=&quot;wpg-tooltip-content&quot;><p style=&quot;text-align: justify;&quot;>DaZ steht f\u00fcr \u201e<strong>D<\/strong>eutsch <strong>a<\/strong>ls <strong>Z<\/strong>weitsprache\u201c. In diesem Unterricht lernen Sch\u00fcler*innen Deutsch, deren Muttersprache nicht Deutsch ist. Im DaZ-Unterricht wird nicht nur die Sprache gelernt, sondern auch bei der Bearbeitung der Aufgaben in unterschiedlichen deutschsprachigen Unterrichtsf\u00e4chern geholfen.<\/p>\n<\/div>\" href=\"https:\/\/www.gesamtschule-stade.de\/?glossary=daz\">DaZ<\/a><\/li><li class=\"wpg-list-item\"><a class=\"wpg-list-item-title wpg-tooltip\" title=\"<h3 class=&quot;wpg-tooltip-title&quot;><span class=&quot;wpg-tooltip-term-title&quot;>DeEP<\/span><\/h3><div class=&quot;wpg-tooltip-content&quot;><p style=&quot;text-align: justify;&quot;>DeEP ist der Name des sprachlichen Profils in der Qualifikationsphase in der Oberstufe. Der Profilkurs hat gemeinsam Deutsch und Englisch auf erh\u00f6htem Niveau sowie das Seminarfach.<\/p>\n<\/div>\" href=\"https:\/\/www.gesamtschule-stade.de\/?glossary=deep\">DeEP<\/a><\/li><li class=\"wpg-list-item\"><a class=\"wpg-list-item-title wpg-tooltip\" title=\"<h3 class=&quot;wpg-tooltip-title&quot;><span class=&quot;wpg-tooltip-term-title&quot;>Differenzierung<\/span><\/h3><div class=&quot;wpg-tooltip-content&quot;><p style=&quot;text-align: justify;&quot;>Differenzierung steht f\u00fcr unterschiedliche Lernangebote: Die Lehrkraft ber\u00fccksichtigt, dass es Sch\u00fcler*innen mit unterschiedlichen Lerngeschwindigkeiten, Begabungen und Interessen gibt und passt den Unterricht entsprechend an: zum Beispiel durch verschiedene Aufgabenarten oder unterschiedliche Schwierigkeitsgrade.<\/p>\n<\/div>\" href=\"https:\/\/www.gesamtschule-stade.de\/?glossary=differenzierung\">Dif\u00adfe\u00adren\u00adzie\u00adrung<\/a><\/li><li class=\"wpg-list-item\"><a class=\"wpg-list-item-title wpg-tooltip\" title=\"<h3 class=&quot;wpg-tooltip-title&quot;><span class=&quot;wpg-tooltip-term-title&quot;>Differenzierungsbereich<\/span><\/h3><div class=&quot;wpg-tooltip-content&quot;><p style=&quot;text-align: justify;&quot;>Der Differenzierungsbereich ist ein offener Raum bzw. Flur im Jahrgangsbereich, in dem die Sch\u00fcler*innen w\u00e4hrend der Unterrichtszeit in kleineren Gruppen arbeiten k\u00f6nnen.<\/p>\n<\/div>\" href=\"https:\/\/www.gesamtschule-stade.de\/?glossary=differenzierungsbereich\">Dif\u00adfe\u00adren\u00adzie\u00adrungs\u00adbe\u00adreich<\/a><\/li><li class=\"wpg-list-item\"><a class=\"wpg-list-item-title wpg-tooltip\" title=\"<h3 class=&quot;wpg-tooltip-title&quot;><span class=&quot;wpg-tooltip-term-title&quot;>Digitales Klassenbuch<\/span><\/h3><div class=&quot;wpg-tooltip-content&quot;><p style=&quot;text-align: justify;&quot;>Im digitalen Klassenbuch werden der Unterricht und die Anwesenheit im Unterricht dokumentiert.<\/p>\n<\/div>\" href=\"https:\/\/www.gesamtschule-stade.de\/?glossary=digitales-klassenbuch\">Di\u00adgi\u00adta\u00adles Klassenbuch<\/a><\/li><li class=\"wpg-list-item\"><a class=\"wpg-list-item-title wpg-tooltip\" title=\"<h3 class=&quot;wpg-tooltip-title&quot;><span class=&quot;wpg-tooltip-term-title&quot;>Digitales Lernen<\/span><\/h3><div class=&quot;wpg-tooltip-content&quot;><p style=&quot;text-align: justify;&quot;>Unter dem Begriff des digitalen Lernens versteht man Lernformen, die durch den Einsatz von digitalen Medien unterst\u00fctzt werden. Der Unterricht soll eine bewusste Haltung der Sch\u00fcler*innen gegen\u00fcber Medien f\u00f6rdern. Er soll Gefahren und Verf\u00fchrungen durch Medien aufzeigen. Gleichzeitig soll er die F\u00e4higkeiten der Sch\u00fcler*innen im Umgang mit digitalen Medien nachhaltig f\u00f6rdern.<\/p>\n<p style=&quot;text-align: justify;&quot;>s. iPad, IServ, itslearning<\/p>\n<\/div>\" href=\"https:\/\/www.gesamtschule-stade.de\/?glossary=digitales-lernen\">Di\u00adgi\u00adta\u00adles Lernen<\/a><\/li><li class=\"wpg-list-item\"><a class=\"wpg-list-item-title wpg-tooltip\" title=\"<h3 class=&quot;wpg-tooltip-title&quot;><span class=&quot;wpg-tooltip-term-title&quot;><span class=&quot;caps&quot;>DS<\/span> (Unterrichtsfach)<\/span><\/h3><div class=&quot;wpg-tooltip-content&quot;><p>Im Unterrichtsfach \u201e<strong>D<\/strong>arstellendes <strong>S<\/strong>piel\u201c (DS) geht es um das Theaterspiel in seinen verschiedenen Formen. Das Fach Darstellendes Spiel kann in den Jahrg\u00e4ngen 11 bis 13 alternativ oder erg\u00e4nzend zu den F\u00e4chern Kunst und Musik gew\u00e4hlt werden.<\/p>\n<\/div>\" href=\"https:\/\/www.gesamtschule-stade.de\/?glossary=ds\"><span class=\"caps\">DS<\/span> (Un\u00adter\u00adrichts\u00adfach)<\/a><\/li><\/ul><\/div><div class=\"wpg-list-block wpg-filter-e mix\" data-filter-base=\"e\"><h3 class=\"wpg-list-block-heading\">E<\/h3><ul class=\"wpg-list-items\"><li class=\"wpg-list-item\"><a class=\"wpg-list-item-title wpg-tooltip\" title=\"<h3 class=&quot;wpg-tooltip-title&quot;><span class=&quot;wpg-tooltip-term-title&quot;>E\u2011Kurs<\/span><\/h3><div class=&quot;wpg-tooltip-content&quot;><p style=&quot;text-align: justify;&quot;>In den Jahrg\u00e4ngen 7 bis 10 vermitteln E-Kurse, also Kurse mit <strong>e<\/strong>rweiterten Anforderungen neben den Grundlagen eines Faches auch weiterf\u00fchrende Kenntnisse und Kompetenzen.<\/p>\n<\/div>\" href=\"https:\/\/www.gesamtschule-stade.de\/?glossary=e-kurs\">E\u2011Kurs<\/a><\/li><li class=\"wpg-list-item\"><a class=\"wpg-list-item-title wpg-tooltip\" title=\"<h3 class=&quot;wpg-tooltip-title&quot;><span class=&quot;wpg-tooltip-term-title&quot;>eA<\/span><\/h3><div class=&quot;wpg-tooltip-content&quot;><p style=&quot;text-align: justify;&quot;>Sch\u00fcler*innen belegen in den Jahrg\u00e4ngen 12 und 13 drei Kurse auf <strong>e<\/strong>rh\u00f6htem <strong>A<\/strong>nforderungsniveau \u2013 kurz eA (fr\u00fchere Bezeichnung: \u201eLeistungskurse\u201c).<\/p>\n<\/div>\" href=\"https:\/\/www.gesamtschule-stade.de\/?glossary=ea\">eA<\/a><\/li><li class=\"wpg-list-item\"><a class=\"wpg-list-item-title wpg-tooltip\" title=\"<h3 class=&quot;wpg-tooltip-title&quot;><span class=&quot;wpg-tooltip-term-title&quot;>Elternvertretung<\/span><\/h3><div class=&quot;wpg-tooltip-content&quot;><p style=&quot;text-align: justify;&quot;>In unserer Schule gibt es neben den Elternvertreter*innen der Klassen auch Jahrgangs-Elternvertreter*innen, die sich um die Belange des ganzen Jahrgangs k\u00fcmmern. Mindestens zweimal im Jahr tagt der Schulelternrat, in dem s\u00e4mtliche Klassenelternvertreter*innen Mitglied sind. Elternvertreter*innen k\u00f6nnen sich in verschiedenen schulischen Gremien wie Gesamtkonferenz, Schulvorstand, Fachkonferenzen engagieren und mitgestalten.<\/p>\n<\/div>\" href=\"https:\/\/www.gesamtschule-stade.de\/?glossary=elternvertretung\">El\u00adtern\u00adver\u00adtre\u00adtung<\/a><\/li><li class=\"wpg-list-item\"><a class=\"wpg-list-item-title wpg-tooltip\" title=\"<h3 class=&quot;wpg-tooltip-title&quot;><span class=&quot;wpg-tooltip-term-title&quot;>EvA<\/span><\/h3><div class=&quot;wpg-tooltip-content&quot;><p style=&quot;text-align: justify;&quot;>EvA steht f\u00fcr \u201e<strong>e<\/strong>igen<strong>v<\/strong>erantwortliches <strong>A<\/strong>rbeiten\u201c. Diese Bezeichnung steht immer dann im Vertretungsplan, wenn in der Oberstufe Unterricht nicht vertreten wird. Die Klasse oder der Kurs arbeitet in dieser Zeit selbst\u00e4ndig an Aufgaben.<\/p>\n<\/div>\" href=\"https:\/\/www.gesamtschule-stade.de\/?glossary=eva\">EvA<\/a><\/li><\/ul><\/div><div class=\"wpg-list-block wpg-filter-f mix\" data-filter-base=\"f\"><h3 class=\"wpg-list-block-heading\">F<\/h3><ul class=\"wpg-list-items\"><li class=\"wpg-list-item\"><a class=\"wpg-list-item-title wpg-tooltip\" title=\"<h3 class=&quot;wpg-tooltip-title&quot;><span class=&quot;wpg-tooltip-term-title&quot;>Fachkonferenz<\/span><\/h3><div class=&quot;wpg-tooltip-content&quot;><p style=&quot;text-align: justify;&quot;>F\u00fcr jedes Unterrichtsfach gibt es eine Fachkonferenz, in der neben den Fachlehrkr\u00e4ften auch Eltern- und Sch\u00fclervertreter*innen mitwirken. Die Fachkonferenzen haben u.a. die Aufgabe, schulinterne Lehrpl\u00e4ne zu entwickeln, Grunds\u00e4tze f\u00fcr Leistungskontrollen zu vereinbaren oder Schulb\u00fccher auszuw\u00e4hlen.<\/p>\n<\/div>\" href=\"https:\/\/www.gesamtschule-stade.de\/?glossary=fachkonferenz\">Fach\u00adkon\u00adfe\u00adrenz<\/a><\/li><li class=\"wpg-list-item\"><a class=\"wpg-list-item-title wpg-tooltip\" title=\"<h3 class=&quot;wpg-tooltip-title&quot;><span class=&quot;wpg-tooltip-term-title&quot;>Fachleistungsdifferenzierung<\/span><\/h3><div class=&quot;wpg-tooltip-content&quot;><p style=&quot;text-align: justify;&quot;>In allen F\u00e4chern wird auf unterschiedlichen Anforderungsniveaus gelernt. Dabei werden die unterschiedlichen Lernvoraussetzungen, Leistungsf\u00e4higkeiten sowie Interessen und Neigungen der Sch\u00fcler*innen ber\u00fccksichtigt.<\/p>\n<p style=&quot;text-align: justify;&quot;>F\u00fcr die Kernf\u00e4cher Deutsch, Mathe, Englisch und Naturwissenschaften gibt es f\u00fcr die Anforderungsniveaus konkrete Vorgaben: Es gibt Unterricht mit grundlegenden Anforderungen (G-Niveau) und Unterricht mit erweiterten Anforderungen (E-Niveau). Die unterschiedlichen Niveaus werden im Lernentwicklungsbericht bzw. Zeugnis ausgewiesen (in Mathe und Englisch ab Jahrgang 7, in Deutsch ab Jahrgang 8 und in Naturwissenschaften ab Jahrgang 9).<\/p>\n<p style=&quot;text-align: justify;&quot;>Die Entscheidung \u00fcber die Niveauzuweisung trifft die Klassenkonferenz. Ein Wechsel ist zu jedem Halbjahr m\u00f6glich.<\/p>\n<p style=&quot;text-align: justify;&quot;>Im Fach Deutsch findet der Unterricht auch in den Jahrg\u00e4ngen 9 und 10 im Klassenverband statt. In den F\u00e4chern Mathe, Englisch und Naturwissenschaften gibt es ab Jahrgang 9 Kurse mit unterschiedlichen Anforderungsniveaus.<\/p>\n<\/div>\" href=\"https:\/\/www.gesamtschule-stade.de\/?glossary=fachleistungsdifferenzierung\">Fach\u00adleis\u00adtungs\u00addif\u00adfe\u00adren\u00adzie\u00adrung<\/a><\/li><li class=\"wpg-list-item\"><a class=\"wpg-list-item-title wpg-tooltip\" title=\"<h3 class=&quot;wpg-tooltip-title&quot;><span class=&quot;wpg-tooltip-term-title&quot;>F\u00f6rderplan<\/span><\/h3><div class=&quot;wpg-tooltip-content&quot;><p style=&quot;text-align: justify;&quot;>F\u00fcr Sch\u00fcler*innen mit besonderem Unterst\u00fctzungsbedarf werden F\u00f6rderpl\u00e4ne entwickelt, in denen festgelegt wird, welche F\u00f6rderziele mit welchen Ma\u00dfnahmen verfolgt werden.<\/p>\n<\/div>\" href=\"https:\/\/www.gesamtschule-stade.de\/?glossary=foerderplan\">F\u00f6r\u00adder\u00adplan<\/a><\/li><li class=\"wpg-list-item\"><a class=\"wpg-list-item-title wpg-tooltip\" title=\"<h3 class=&quot;wpg-tooltip-title&quot;><span class=&quot;wpg-tooltip-term-title&quot;>F\u00f6rderunterricht<\/span><\/h3><div class=&quot;wpg-tooltip-content&quot;><p style=&quot;text-align: justify;&quot;>Nach M\u00f6glichkeit wird \u2013 insbesondere in den Abschlussjahrg\u00e4ngen 9 und 10 \u2013 F\u00f6rderunterricht in den Pr\u00fcfungsf\u00e4chern Mathe, Deutsch und Englisch angeboten.<\/p>\n<\/div>\" href=\"https:\/\/www.gesamtschule-stade.de\/?glossary=foerderunterricht\">F\u00f6r\u00adder\u00adun\u00adter\u00adricht<\/a><\/li><li class=\"wpg-list-item\"><a class=\"wpg-list-item-title wpg-tooltip\" title=\"<h3 class=&quot;wpg-tooltip-title&quot;><span class=&quot;wpg-tooltip-term-title&quot;>F\u00f6rderverein<\/span><\/h3><div class=&quot;wpg-tooltip-content&quot;><p style=&quot;text-align: justify;&quot;>Der F\u00f6rderverein der IGS Stade bereichert das Schulleben in vielf\u00e4ltiger Weise, unterst\u00fctzt bei schulischen Veranstaltungen, hilft bei besonderen Anschaffungen oder auch in pers\u00f6nlichen Notlagen. Damit das gelingt, ist der Verein auf m\u00f6glichst viele aktive Mitglieder und Spenden angewiesen. Der Verein freut sich \u00fcber jedes neue Mitglied, aber auch \u00fcber Einzelspenden.<\/p>\n<\/div>\" href=\"https:\/\/www.gesamtschule-stade.de\/?glossary=foerderverein\">F\u00f6r\u00adder\u00adver\u00adein<\/a><\/li><\/ul><\/div><div class=\"wpg-list-block wpg-filter-g mix\" data-filter-base=\"g\"><h3 class=\"wpg-list-block-heading\">G<\/h3><ul class=\"wpg-list-items\"><li class=\"wpg-list-item\"><a class=\"wpg-list-item-title wpg-tooltip\" title=\"<h3 class=&quot;wpg-tooltip-title&quot;><span class=&quot;wpg-tooltip-term-title&quot;>G\u2011Kurs<\/span><\/h3><div class=&quot;wpg-tooltip-content&quot;><p style=&quot;text-align: justify;&quot;>In den Jahrg\u00e4ngen 7 bis 10 vermitteln G-Kurse die <strong>g<\/strong>rundlegenden Kenntnisse und Kompetenzen eines Faches.<\/p>\n<\/div>\" href=\"https:\/\/www.gesamtschule-stade.de\/?glossary=g-kurs\">G\u2011Kurs<\/a><\/li><li class=\"wpg-list-item\"><a class=\"wpg-list-item-title wpg-tooltip\" title=\"<h3 class=&quot;wpg-tooltip-title&quot;><span class=&quot;wpg-tooltip-term-title&quot;>gA<\/span><\/h3><div class=&quot;wpg-tooltip-content&quot;><p style=&quot;text-align: justify;&quot;>Sch\u00fcler*innen belegen in den Jahrg\u00e4ngen 12 und 13 mehrere Kurse auf <strong>g<\/strong>rundlegendem <strong>A<\/strong>nforderungsniveau \u2013 kurz gA (fr\u00fchere Bezeichnung: \u201eGrundkurse\u201c).<\/p>\n<\/div>\" href=\"https:\/\/www.gesamtschule-stade.de\/?glossary=ga\">gA<\/a><\/li><li class=\"wpg-list-item\"><a class=\"wpg-list-item-title wpg-tooltip\" title=\"<h3 class=&quot;wpg-tooltip-title&quot;><span class=&quot;wpg-tooltip-term-title&quot;>Ganztag<\/span><\/h3><div class=&quot;wpg-tooltip-content&quot;><p style=&quot;text-align: justify;&quot;>Die IGS Stade ist eine Ganztagsschule. Der Unterricht der Sekundarstufe I geht i.d.R. am Dienstag, Mittwoch und Donnerstag bis 15:10 Uhr. Neben diesem verpflichtenden Unterricht f\u00fcr alle gibt es noch freiwillige Zusatzangebote (Neigungskurse und ISI).<\/p>\n<\/div>\" href=\"https:\/\/www.gesamtschule-stade.de\/?glossary=ganztag\">Ganz\u00adtag<\/a><\/li><li class=\"wpg-list-item\"><a class=\"wpg-list-item-title wpg-tooltip\" title=\"<h3 class=&quot;wpg-tooltip-title&quot;><span class=&quot;wpg-tooltip-term-title&quot;>GErd<\/span><\/h3><div class=&quot;wpg-tooltip-content&quot;><p style=&quot;text-align: justify;&quot;>GErd ist der Name des gesellschaftswissenschaftlichen Profils in der Qualifikationsphase in der Oberstufe. Der Profilkurs hat gemeinsam Geschichte und Erdkunde auf erh\u00f6htem Niveau sowie das Seminarfach.<\/p>\n<\/div>\" href=\"https:\/\/www.gesamtschule-stade.de\/?glossary=gerd\">GErd<\/a><\/li><li class=\"wpg-list-item\"><a class=\"wpg-list-item-title wpg-tooltip\" title=\"<h3 class=&quot;wpg-tooltip-title&quot;><span class=&quot;wpg-tooltip-term-title&quot;>Gesamtkonferenz<\/span><\/h3><div class=&quot;wpg-tooltip-content&quot;><p style=&quot;text-align: justify;&quot;>Die Gesamtkonferenz tagt mindestens zweimal pro Schuljahr. Mitglieder der Gesamtkonferenz sind s\u00e4mtliche Lehrkr\u00e4fte sowie 18 Eltern- und 18 Sch\u00fclervertreter*innen. Die Aufgabe der Gesamtkonferenz ist u.a., Beschl\u00fcsse zu allgemeinen p\u00e4dagogischen Grunds\u00e4tzen der Schule zu fassen.<\/p>\n<\/div>\" href=\"https:\/\/www.gesamtschule-stade.de\/?glossary=gesamtkonferenz\">Ge\u00adsamt\u00adkon\u00adfe\u00adrenz<\/a><\/li><li class=\"wpg-list-item\"><a class=\"wpg-list-item-title wpg-tooltip\" title=\"<h3 class=&quot;wpg-tooltip-title&quot;><span class=&quot;wpg-tooltip-term-title&quot;><span class=&quot;caps&quot;>GL<\/span><\/span><\/h3><div class=&quot;wpg-tooltip-content&quot;><p style=&quot;text-align: justify;&quot;><strong>G<\/strong>esellschafts<strong>l<\/strong>ehre. In diesem Fach werden wichtige Inhalte aus Erdkunde, Geschichte und Politik vermittelt.<\/p>\n<\/div>\" href=\"https:\/\/www.gesamtschule-stade.de\/?glossary=gl\"><span class=\"caps\">GL<\/span><\/a><\/li><li class=\"wpg-list-item\"><a class=\"wpg-list-item-title wpg-tooltip\" title=\"<h3 class=&quot;wpg-tooltip-title&quot;><span class=&quot;wpg-tooltip-term-title&quot;>Gruppenraum<\/span><\/h3><div class=&quot;wpg-tooltip-content&quot;><p style=&quot;text-align: justify;&quot;>In jedem Jahrgangsbereich gibt es einen Gruppenraum, in dem Sch\u00fcler*innen in kleinen Gruppen arbeiten k\u00f6nnen.<\/p>\n<\/div>\" href=\"https:\/\/www.gesamtschule-stade.de\/?glossary=gruppenraum\">Grup\u00adpen\u00adraum<\/a><\/li><\/ul><\/div><div class=\"wpg-list-block wpg-filter-h mix\" data-filter-base=\"h\"><h3 class=\"wpg-list-block-heading\">H<\/h3><ul class=\"wpg-list-items\"><li class=\"wpg-list-item\"><a class=\"wpg-list-item-title wpg-tooltip\" title=\"<h3 class=&quot;wpg-tooltip-title&quot;><span class=&quot;wpg-tooltip-term-title&quot;>Handy- und iPad-Nutzung<\/span><\/h3><div class=&quot;wpg-tooltip-content&quot;><p style=&quot;text-align: justify;&quot;>Handys sind in der Schule generell ausgeschaltet und nicht sichtbar aufzubewahren, es sei denn, die Lehrkraft erlaubt die Nutzung des Handys f\u00fcr unterrichtliche Zwecke.<\/p>\n<p style=&quot;text-align: justify;&quot;>Die iPads bleiben in den Pausen in den Klassenr\u00e4umen und werden im Unterricht nur mit Erlaubnis der Lehrkraft verwendet.<\/p>\n<p style=&quot;text-align: justify;&quot;>F\u00fcr die Oberstufe gelten abweichende Regelungen. F\u00fcr die Nutzung der iPads gibt es eine Nutzervereinbarung.<\/p>\n<\/div>\" href=\"https:\/\/www.gesamtschule-stade.de\/?glossary=handy-und-ipad-nutzung\">Han\u00addy- und iPad-Nutzung<\/a><\/li><li class=\"wpg-list-item\"><a class=\"wpg-list-item-title wpg-tooltip\" title=\"<h3 class=&quot;wpg-tooltip-title&quot;><span class=&quot;wpg-tooltip-term-title&quot;>Herausforderung<\/span><\/h3><div class=&quot;wpg-tooltip-content&quot;><p style=&quot;text-align: justify;&quot;>Am Ende des Schuljahres d\u00fcrfen sich Sch\u00fcler*innen ab der 8. Klasse f\u00fcr zwei Wochen einer ganz pers\u00f6nlichen Herausforderung stellen: Dies ist eine individuelle, selbst geplante Projektzeit \u2013 in der Regel au\u00dferhalb von Schule und Elternhaus.<\/p>\n<\/div>\" href=\"https:\/\/www.gesamtschule-stade.de\/?glossary=herausforderung\">Her\u00adaus\u00adfor\u00adde\u00adrung<\/a><\/li><li class=\"wpg-list-item\"><a class=\"wpg-list-item-title wpg-tooltip\" title=\"<h3 class=&quot;wpg-tooltip-title&quot;><span class=&quot;wpg-tooltip-term-title&quot;>Herbstakademie<\/span><\/h3><div class=&quot;wpg-tooltip-content&quot;><p style=&quot;text-align: justify;&quot;>Die Herbstakademie findet jedes Jahr in einer Woche der Herbstferien statt. Es werden Aktivit\u00e4ten und Projekte zu naturwissenschaftlichen und technischen Themen angeboten, die von Lehrpersonen verschiedener Schulen begleitet werden. Es nehmen Sch\u00fcler*innen von unterschiedlichen Stader Schulen teil.<\/p>\n<\/div>\" href=\"https:\/\/www.gesamtschule-stade.de\/?glossary=herbstakademie\">Herbst\u00adaka\u00adde\u00admie<\/a><\/li><\/ul><\/div><div class=\"wpg-list-block wpg-filter-i mix\" data-filter-base=\"i\"><h3 class=\"wpg-list-block-heading\">I<\/h3><ul class=\"wpg-list-items\"><li class=\"wpg-list-item\"><a class=\"wpg-list-item-title wpg-tooltip\" title=\"<h3 class=&quot;wpg-tooltip-title&quot;><span class=&quot;wpg-tooltip-term-title&quot;><span class=&quot;caps&quot;>IGS<\/span><\/span><\/h3><div class=&quot;wpg-tooltip-content&quot;><p style=&quot;text-align: justify;&quot;><strong>I<\/strong>ntegrierte <strong>G<\/strong>esamt<strong>s<\/strong>chule \u2013 In dieser Schulform werden bis zur 10. Klasse alle Sch\u00fcler*innen gemeinsam unterrichtet.<\/p>\n<\/div>\" href=\"https:\/\/www.gesamtschule-stade.de\/?glossary=igs\"><span class=\"caps\">IGS<\/span><\/a><\/li><li class=\"wpg-list-item\"><a class=\"wpg-list-item-title wpg-tooltip\" title=\"<h3 class=&quot;wpg-tooltip-title&quot;><span class=&quot;wpg-tooltip-term-title&quot;>Informatik-Biber<\/span><\/h3><div class=&quot;wpg-tooltip-content&quot;><p style=&quot;text-align: justify;&quot;>Der Informatik-Biber ist der gr\u00f6\u00dfte Wettbewerb im Bereich Informatik in Deutschland und richtet sich an Sch\u00fcler*innen der Klassen 3-13. Der Wettbewerb soll das digitale Denken mit lebensnahen und alltagsbezogenen Fragestellungen f\u00f6rdern.<\/p>\n<\/div>\" href=\"https:\/\/www.gesamtschule-stade.de\/?glossary=informatik-biber\">In\u00adfor\u00adma\u00adtik-Bi\u00adber<\/a><\/li><li class=\"wpg-list-item\"><a class=\"wpg-list-item-title wpg-tooltip\" title=\"<h3 class=&quot;wpg-tooltip-title&quot;><span class=&quot;wpg-tooltip-term-title&quot;>Inklusion<\/span><\/h3><div class=&quot;wpg-tooltip-content&quot;><p style=&quot;text-align: justify;&quot;>Die IGS Stade ist eine inklusive Schule, in der kein Kind ausgesondert wird, weil es bestimmten Leistungsanforderungen nicht entsprechen kann. Jedes Kind ist willkommen \u2013 unabh\u00e4ngig von seiner Herkunft, unabh\u00e4ngig von Beeintr\u00e4chtigungen oder besonderen F\u00e4higkeiten. Die Vielfalt der Sch\u00fclerschaft verstehen wir als Reichtum.<\/p>\n<\/div>\" href=\"https:\/\/www.gesamtschule-stade.de\/?glossary=inklusion\">In\u00adklu\u00adsi\u00adon<\/a><\/li><li class=\"wpg-list-item\"><a class=\"wpg-list-item-title wpg-tooltip\" title=\"<h3 class=&quot;wpg-tooltip-title&quot;><span class=&quot;wpg-tooltip-term-title&quot;>iPad<\/span><\/h3><div class=&quot;wpg-tooltip-content&quot;><p style=&quot;text-align: left;&quot;>An der IGS Stade haben alle Sch\u00fcler*innen ein iPad, das entweder gekauft oder \u00fcber die Schule geliehen ist.<\/p>\n<p style=&quot;text-align: left;&quot;>Die iPads m\u00fcssen von den Sch\u00fcler*innen jeden Tag aufgeladen mit in die Schule gebracht werden.<\/p>\n<\/div>\" href=\"https:\/\/www.gesamtschule-stade.de\/?glossary=ipad\">iPad<\/a><\/li><li class=\"wpg-list-item\"><a class=\"wpg-list-item-title wpg-tooltip\" title=\"<h3 class=&quot;wpg-tooltip-title&quot;><span class=&quot;wpg-tooltip-term-title&quot;>IServ<\/span><\/h3><div class=&quot;wpg-tooltip-content&quot;><p style=&quot;text-align: justify;&quot;>IServ ist unser Schulnetzwerk, \u00fcber das vieles organisiert und kommuniziert wird. Alle Sch\u00fcler*innen, Lehrkr\u00e4fte und Mitarbeiter*innen erhalten \u00fcber IServ eine eigene E-Mail-Adresse f\u00fcr schulische Angelegenheiten (vorname.nachname@igs-stade.net) und eigenen Speicherplatz zur Ablage und zum Austausch digitaler Daten.<\/p>\n<\/div>\" href=\"https:\/\/www.gesamtschule-stade.de\/?glossary=iserv\">IServ<\/a><\/li><li class=\"wpg-list-item\"><a class=\"wpg-list-item-title wpg-tooltip\" title=\"<h3 class=&quot;wpg-tooltip-title&quot;><span class=&quot;wpg-tooltip-term-title&quot;><span class=&quot;caps&quot;>ISI<\/span><\/span><\/h3><div class=&quot;wpg-tooltip-content&quot;><p style=&quot;text-align: justify;&quot;>ISI ist die <strong>I<\/strong>nitiative f\u00fcr <strong>S<\/strong>ch\u00fclerhilfe in der <strong>I<\/strong>GS. ISI ist ein kosteng\u00fcnstiger, schulinterner F\u00f6rderunterricht f\u00fcr die F\u00e4cher Englisch, Mathematik, Deutsch, Spanisch und Franz\u00f6sisch f\u00fcr Sch\u00fcler*innen der Jahrg\u00e4nge 5 bis 9. ISI findet in kleinen Gruppen (1-3 Sch\u00fcler\/innen) statt und wird von Sch\u00fcler*innen aus den Jahrg\u00e4ngen 8 bis 13 mit sehr guten Fachkenntnissen erteilt.<\/p>\n<\/div>\" href=\"https:\/\/www.gesamtschule-stade.de\/?glossary=isi\"><span class=\"caps\">ISI<\/span><\/a><\/li><li class=\"wpg-list-item\"><a class=\"wpg-list-item-title wpg-tooltip\" title=\"<h3 class=&quot;wpg-tooltip-title&quot;><span class=&quot;wpg-tooltip-term-title&quot;>itslearning<\/span><\/h3><div class=&quot;wpg-tooltip-content&quot;><p style=&quot;text-align: justify;&quot;>Itslearning ist die digitale Lernplattform unserer Schule. \u00dcber itslearning erhalten unsere Sch\u00fcler*innen Lernmaterialien und Aufgaben. Die Lernplattform wird auch f\u00fcr verschiedene \u00dcbungen, Umfragen, Tests u.v.m. genutzt.<\/p>\n<\/div>\" href=\"https:\/\/www.gesamtschule-stade.de\/?glossary=itslearning\">its\u00adlear\u00adning<\/a><\/li><\/ul><\/div><div class=\"wpg-list-block wpg-filter-j mix\" data-filter-base=\"j\"><h3 class=\"wpg-list-block-heading\">J<\/h3><ul class=\"wpg-list-items\"><li class=\"wpg-list-item\"><a class=\"wpg-list-item-title wpg-tooltip\" title=\"<h3 class=&quot;wpg-tooltip-title&quot;><span class=&quot;wpg-tooltip-term-title&quot;>Jahresabschlussfeier<\/span><\/h3><div class=&quot;wpg-tooltip-content&quot;><p style=&quot;text-align: justify;&quot;>Die Jahresabschlussfeiern finden vor den Weihnachtsferien und vor den Sommerferien im Jahrgang statt. Die Klassen eines Jahrgangs feiern gemeinsam mit einem m\u00f6glichst unterhaltsamen Programm. Anschlie\u00dfend gehen wir gemeinsam in die Ferien.<\/p>\n<\/div>\" href=\"https:\/\/www.gesamtschule-stade.de\/?glossary=jahresabschlussfeier\">Jah\u00adres\u00adab\u00adschluss\u00adfei\u00ader<\/a><\/li><li class=\"wpg-list-item\"><a class=\"wpg-list-item-title wpg-tooltip\" title=\"<h3 class=&quot;wpg-tooltip-title&quot;><span class=&quot;wpg-tooltip-term-title&quot;>Jahresthemenplan<\/span><\/h3><div class=&quot;wpg-tooltip-content&quot;><p style=&quot;text-align: justify;&quot;>Die Jahresthemenpl\u00e4ne sind auf der Homepage zu finden. Sie zeigen, welche Inhalte in den F\u00e4chern im jeweiligen Schuljahr unterrichtet werden.<\/p>\n<\/div>\" href=\"https:\/\/www.gesamtschule-stade.de\/?glossary=jahresthemenplan\">Jah\u00adres\u00adthe\u00admen\u00adplan<\/a><\/li><li class=\"wpg-list-item\"><a class=\"wpg-list-item-title wpg-tooltip\" title=\"<h3 class=&quot;wpg-tooltip-title&quot;><span class=&quot;wpg-tooltip-term-title&quot;>Jahrgangsbereich<\/span><\/h3><div class=&quot;wpg-tooltip-content&quot;><p style=&quot;text-align: justify;&quot;>In der IGS Stade hat jeder Jahrgang seinen eigenen Jahrgangsbereich, der als \u201ekleine Schule\u201c in der \u201egro\u00dfen Schule\u201c bezeichnet werden kann. Hier haben die Sch\u00fcler*innen ihren Klassenraum und die Lehrer*innen des Jahrgangs ihr Lehrzimmer. Au\u00dferdem gibt es durch den Gruppenraum (s. Gruppenraum) und den Differenzierungsbereich (s. Differenzierungsbereich) die M\u00f6glichkeit, selbstst\u00e4ndig und in Kleingruppen zu arbeiten.<\/p>\n<\/div>\" href=\"https:\/\/www.gesamtschule-stade.de\/?glossary=jahrgangsbereich\">Jahr\u00adgangs\u00adbe\u00adreich<\/a><\/li><li class=\"wpg-list-item\"><a class=\"wpg-list-item-title wpg-tooltip\" title=\"<h3 class=&quot;wpg-tooltip-title&quot;><span class=&quot;wpg-tooltip-term-title&quot;>Jahrgangsleitung<\/span><\/h3><div class=&quot;wpg-tooltip-content&quot;><p style=&quot;text-align: justify;&quot;>F\u00fcr jeden Jahrgang gibt es eine Jahrgangsleitung: Eine Lehrkraft, die f\u00fcr die Organisation des Jahrgangs verantwortlich ist und das Jahrgangsteam leitet. Alle Jahrgangsleitungen geh\u00f6ren zur erweiterten Schulleitung.<\/p>\n<\/div>\" href=\"https:\/\/www.gesamtschule-stade.de\/?glossary=jahrgangsleitung\">Jahr\u00adgangs\u00adlei\u00adtung<\/a><\/li><li class=\"wpg-list-item\"><a class=\"wpg-list-item-title wpg-tooltip\" title=\"<h3 class=&quot;wpg-tooltip-title&quot;><span class=&quot;wpg-tooltip-term-title&quot;>Jahrgangsteam<\/span><\/h3><div class=&quot;wpg-tooltip-content&quot;><p style=&quot;text-align: justify;&quot;>Die Klassenleitungen eines Jahrgangs bilden zusammen ein Jahrgangsteam. Dieses Team trifft sich regelm\u00e4\u00dfig, u.a. um Absprachen zur Zusammenarbeit zu treffen und gemeinsame Veranstaltungen zu planen.<\/p>\n<\/div>\" href=\"https:\/\/www.gesamtschule-stade.de\/?glossary=jahrgangsteam\">Jahr\u00adgangs\u00adteam<\/a><\/li><\/ul><\/div><div class=\"wpg-list-block wpg-filter-k mix\" data-filter-base=\"k\"><h3 class=\"wpg-list-block-heading\">K<\/h3><ul class=\"wpg-list-items\"><li class=\"wpg-list-item\"><a class=\"wpg-list-item-title wpg-tooltip\" title=\"<h3 class=&quot;wpg-tooltip-title&quot;><span class=&quot;wpg-tooltip-term-title&quot;>K\u00e4nguruwettbewerb<\/span><\/h3><div class=&quot;wpg-tooltip-content&quot;><p style=&quot;text-align: justify;&quot;>Dieser Mathematik- Wettbewerb findet einmal im Schuljahr statt. Er richtet sich an mathematisch interessierte Sch\u00fcler*innen und soll den Spa\u00df und das selbst\u00e4ndige Arbeiten im Fach Mathematik f\u00f6rdern.<\/p>\n<\/div>\" href=\"https:\/\/www.gesamtschule-stade.de\/?glossary=kaenguruwettbewerb\">K\u00e4n\u00adgu\u00adru\u00adwett\u00adbe\u00adwerb<\/a><\/li><li class=\"wpg-list-item\"><a class=\"wpg-list-item-title wpg-tooltip\" title=\"<h3 class=&quot;wpg-tooltip-title&quot;><span class=&quot;wpg-tooltip-term-title&quot;>Klassenfahrten<\/span><\/h3><div class=&quot;wpg-tooltip-content&quot;><p style=&quot;text-align: justify;&quot;>Klassenfahrten sind in unserer Schule \u00fcblich in den Jahrg\u00e4ngen 5 (3 Tage), 6 (3 Tage), 7 (5 Tage), 9 (3 Tage), 10 (5 Tage), 11 (2 Tage) und 13 (5 Tage). Die Fahrten in den Jahrg\u00e4ngen 5, 6, 9 und 11 werden in der Regel als Jahrgangsfahrten durchgef\u00fchrt.<\/p>\n<\/div>\" href=\"https:\/\/www.gesamtschule-stade.de\/?glossary=klassenfahrten\">Klas\u00adsen\u00adfahr\u00adten<\/a><\/li><li class=\"wpg-list-item\"><a class=\"wpg-list-item-title wpg-tooltip\" title=\"<h3 class=&quot;wpg-tooltip-title&quot;><span class=&quot;wpg-tooltip-term-title&quot;>Klassenrat<\/span><\/h3><div class=&quot;wpg-tooltip-content&quot;><p style=&quot;text-align: justify;&quot;>In den Jahrg\u00e4ngen 5 bis 10 wird die letzte Unterrichtsstunde der Woche f\u00fcr den Klassenrat genutzt: Alle Sch\u00fcler*innen der Klasse beraten \u00fcber anstehende Veranstaltungen, verteilen Aufgaben, l\u00f6sen Probleme, schlichten Streit etc. Die Klassenlehrkr\u00e4fte nehmen beratend teil. Die Leitung des Klassenrats liegt aber in der Hand der Sch\u00fcler*innen.<\/p>\n<\/div>\" href=\"https:\/\/www.gesamtschule-stade.de\/?glossary=klassenrat\">Klas\u00adsen\u00adrat<\/a><\/li><li class=\"wpg-list-item\"><a class=\"wpg-list-item-title wpg-tooltip\" title=\"<h3 class=&quot;wpg-tooltip-title&quot;><span class=&quot;wpg-tooltip-term-title&quot;>Kompetenz<\/span><\/h3><div class=&quot;wpg-tooltip-content&quot;><p style=&quot;text-align: justify;&quot;>Eine Kompetenz ist eine F\u00e4higkeit. Kompetenzen werden z.B. in Form von \u201eIch kann \u2026\u201c-S\u00e4tzen formuliert: \u201eIch kann die Satzzeichen bei der direkten Rede richtig verwenden.\u201c \u201eIch kann Dreiecke konstruieren.\u201c<\/p>\n<\/div>\" href=\"https:\/\/www.gesamtschule-stade.de\/?glossary=kompetenz\">Kom\u00adpe\u00adtenz<\/a><\/li><li class=\"wpg-list-item\"><a class=\"wpg-list-item-title wpg-tooltip\" title=\"<h3 class=&quot;wpg-tooltip-title&quot;><span class=&quot;wpg-tooltip-term-title&quot;>Kooperatives Lernen<\/span><\/h3><div class=&quot;wpg-tooltip-content&quot;><p style=&quot;text-align: justify;&quot;>In unserer Schule wird sehr oft kooperativ gelernt. Das hei\u00dft, Sch\u00fcler*innen lernen in kleinen Teams. Im kooperativen Lernen gibt es meist drei Phasen: In der 1. Phase arbeiten die Sch\u00fcler*innen alleine. In der 2. Phase besprechen und vergleichen sie ihre Ergebnisse in der Gruppe. Und in der 3. Phase pr\u00e4sentieren sie ihre Ergebnisse der Klasse.<\/p>\n<\/div>\" href=\"https:\/\/www.gesamtschule-stade.de\/?glossary=kooperatives-lernen\">Ko\u00adope\u00adra\u00adti\u00adves Lernen<\/a><\/li><li class=\"wpg-list-item\"><a class=\"wpg-list-item-title wpg-tooltip\" title=\"<h3 class=&quot;wpg-tooltip-title&quot;><span class=&quot;wpg-tooltip-term-title&quot;>Krankmeldungen<\/span><\/h3><div class=&quot;wpg-tooltip-content&quot;><p style=&quot;text-align: justify;&quot;>Alle Sch\u00fcler*innen (SuS) der Klassen 5 bis 10, die am Unterricht nicht teilnehmen k\u00f6nnen, sollen bis 8 Uhr im Sekretariat per Mail oder telefonisch abgemeldet werden. In den Jahrg\u00e4ngen 11 bis 13 erfolgt die Krankmeldung per Mail an die Klassenleitung \/ Tutor*innen und die jeweiligen Fachlehrkr\u00e4fte. Sobald ein*e Sch\u00fcler*in wieder zum Unterricht kommt, wird die schriftliche Entschuldigung vorgezeigt, die im Logbuch (bzw. in der Oberstufe: in einem Entschuldigungsheft) eingetragen ist. Diese wird von den Klassenlehr*innen abgezeichnet.<\/p>\n<\/div>\" href=\"https:\/\/www.gesamtschule-stade.de\/?glossary=krankmeldungen\">Krank\u00admel\u00addun\u00adgen<\/a><\/li><\/ul><\/div><div class=\"wpg-list-block wpg-filter-l mix\" data-filter-base=\"l\"><h3 class=\"wpg-list-block-heading\">L<\/h3><ul class=\"wpg-list-items\"><li class=\"wpg-list-item\"><a class=\"wpg-list-item-title wpg-tooltip\" title=\"<h3 class=&quot;wpg-tooltip-title&quot;><span class=&quot;wpg-tooltip-term-title&quot;><span class=&quot;caps&quot;>LEB<\/span><\/span><\/h3><div class=&quot;wpg-tooltip-content&quot;><p style=&quot;text-align: justify;&quot;><strong>L<\/strong>ern<strong>e<\/strong>ntwicklungs<strong>b<\/strong>erichte \u2013 Diese Berichte informieren Sch\u00fcler*innen sowie ihre Erziehungsberechtigten am Ende jedes Halbjahres \u00fcber den Lernfortschritt. In den LEBs gibt es keine Noten. Die Lernentwicklung wird mit Hilfe von Symbolen und Texten beschrieben.<\/p>\n<\/div>\" href=\"https:\/\/www.gesamtschule-stade.de\/?glossary=leb\"><span class=\"caps\">LEB<\/span><\/a><\/li><li class=\"wpg-list-item\"><a class=\"wpg-list-item-title wpg-tooltip\" title=\"<h3 class=&quot;wpg-tooltip-title&quot;><span class=&quot;wpg-tooltip-term-title&quot;>Lehrerzimmer<\/span><\/h3><div class=&quot;wpg-tooltip-content&quot;><p style=&quot;text-align: justify;&quot;>Um die Zusammenarbeit in den Jahrgangsteams zu erleichtern, gibt es in unserer Schule Jahrgangslehrerzimmer: Jeder Jahrgang hat ein eigenes Lehrerzimmer. Ein gro\u00dfes Lehrerzimmer f\u00fcr alle Lehrkr\u00e4fte haben wir nicht.<\/p>\n<\/div>\" href=\"https:\/\/www.gesamtschule-stade.de\/?glossary=lehrerzimmer\">Leh\u00adrer\u00adzim\u00admer<\/a><\/li><li class=\"wpg-list-item\"><a class=\"wpg-list-item-title wpg-tooltip\" title=\"<h3 class=&quot;wpg-tooltip-title&quot;><span class=&quot;wpg-tooltip-term-title&quot;>Leit-Ideen<\/span><\/h3><div class=&quot;wpg-tooltip-content&quot;><p style=&quot;text-align: justify;&quot;>In unseren Leit-Ideen haben wir die gemeinsamen Grund\u00fcberzeugungen und Grundwerte unserer Schule formuliert. Sie sind nachzulesen auf unserer Homepage.<\/p>\n<\/div>\" href=\"https:\/\/www.gesamtschule-stade.de\/?glossary=leit-ideen\">Leit-Ideen<\/a><\/li><li class=\"wpg-list-item\"><a class=\"wpg-list-item-title wpg-tooltip\" title=\"<h3 class=&quot;wpg-tooltip-title&quot;><span class=&quot;wpg-tooltip-term-title&quot;><span class=&quot;caps&quot;>LEO<\/span><\/span><\/h3><div class=&quot;wpg-tooltip-content&quot;><p style=&quot;text-align: justify;&quot;>LEO steht f\u00fcr \u201e<strong>L<\/strong>ern<strong>e<\/strong>ntwicklungs<strong>o<\/strong>rdner\u201c. Diese wei\u00dfen Ordner werden von den Sch\u00fcler*innen gef\u00fchrt und stehen in den Schr\u00e4nken der Klassenr\u00e4ume. Inhalt des LEOs sind die R\u00fcckmeldeb\u00f6gen, also diejenigen B\u00f6gen, die die Sch\u00fcler*innen nach einer Unterrichtseinheit bekommen.<\/p>\n<\/div>\" href=\"https:\/\/www.gesamtschule-stade.de\/?glossary=leo\"><span class=\"caps\">LEO<\/span><\/a><\/li><li class=\"wpg-list-item\"><a class=\"wpg-list-item-title wpg-tooltip\" title=\"<h3 class=&quot;wpg-tooltip-title&quot;><span class=&quot;wpg-tooltip-term-title&quot;>Lernb\u00fcro<\/span><\/h3><div class=&quot;wpg-tooltip-content&quot;><p style=&quot;text-align: justify;&quot;>Das Lernb\u00fcro ist eine Arbeitsform der selbst\u00e4ndigen und differenzierten Arbeit im Fach Mathematik, zum Teil auch im Fach Deutsch. Jede*r Sch\u00fcler*in arbeitet im eigenen Tempo und auf dem eigenen Niveau. Das Lernprogramm wird durch Checklisten vorgegeben. Die Abschlusstests zu den verschiedenen Themen werden i.d.R. nicht gemeinsam, sondern zu unterschiedlichen Zeitpunkten geschrieben.<\/p>\n<\/div>\" href=\"https:\/\/www.gesamtschule-stade.de\/?glossary=lernbuero\">Lern\u00adb\u00fc\u00adro<\/a><\/li><li class=\"wpg-list-item\"><a class=\"wpg-list-item-title wpg-tooltip\" title=\"<h3 class=&quot;wpg-tooltip-title&quot;><span class=&quot;wpg-tooltip-term-title&quot;>Lernentwicklungsbericht<\/span><\/h3><div class=&quot;wpg-tooltip-content&quot;><p style=&quot;text-align: justify;&quot;><strong>L<\/strong>ern<strong>e<\/strong>ntwicklungs<strong>b<\/strong>erichte (LEBs) \u2013 Diese Berichte informieren Sch\u00fcler*innen sowie ihre Erziehungsberechtigten am Ende jedes Halbjahres \u00fcber den Lernfortschritt. In den LEBs gibt es keine Noten. Die Lernentwicklung wird mit Hilfe von Symbolen und Texten beschrieben.<\/p>\n<\/div>\" href=\"https:\/\/www.gesamtschule-stade.de\/?glossary=lernentwicklungsbericht\">Lern\u00adent\u00adwick\u00adlungs\u00adbe\u00adricht<\/a><\/li><li class=\"wpg-list-item\"><a class=\"wpg-list-item-title wpg-tooltip\" title=\"<h3 class=&quot;wpg-tooltip-title&quot;><span class=&quot;wpg-tooltip-term-title&quot;>Lesen (Unterrichtsfach)<\/span><\/h3><div class=&quot;wpg-tooltip-content&quot;><p style=&quot;text-align: justify;&quot;>Im Jahrgang 5 gibt es zur Lesef\u00f6rderung in jeder Woche eine Stunde Lesen. Die Sch\u00fcler*innen lernen interessante B\u00fccher kennen und d\u00fcrfen ungest\u00f6rt schm\u00f6kern.<\/p>\n<\/div>\" href=\"https:\/\/www.gesamtschule-stade.de\/?glossary=lesen-unterrichtsfach\">Le\u00adsen (Un\u00adter\u00adrichts\u00adfach)<\/a><\/li><li class=\"wpg-list-item\"><a class=\"wpg-list-item-title wpg-tooltip\" title=\"<h3 class=&quot;wpg-tooltip-title&quot;><span class=&quot;wpg-tooltip-term-title&quot;>Logbuch<\/span><\/h3><div class=&quot;wpg-tooltip-content&quot;><p style=&quot;text-align: justify;&quot;>In dieses Buch tragen alle Sch\u00fcler*innen nach jeder Unterrichtsstunde ihren Lernfortschritt ein. Das Logbuch dient auch als Kommunikationsmittel zwischen Schule und Elternhaus.<\/p>\n<\/div>\" href=\"https:\/\/www.gesamtschule-stade.de\/?glossary=logbuch\">Log\u00adbuch<\/a><\/li><\/ul><\/div><div class=\"wpg-list-block wpg-filter-m mix\" data-filter-base=\"m\"><h3 class=\"wpg-list-block-heading\">M<\/h3><ul class=\"wpg-list-items\"><li class=\"wpg-list-item\"><a class=\"wpg-list-item-title wpg-tooltip\" title=\"<h3 class=&quot;wpg-tooltip-title&quot;><span class=&quot;wpg-tooltip-term-title&quot;>Materialliste<\/span><\/h3><div class=&quot;wpg-tooltip-content&quot;><p style=&quot;text-align: justify;&quot;>Die Materialliste ist die Liste der Arbeitsmittel, Hefte, Ordner etc., die unsere Sch\u00fcler*innen ben\u00f6tigen. Die Materiallisten f\u00fcr die einzelnen Jahrg\u00e4nge sind auf der Homepage zu finden.<\/p>\n<\/div>\" href=\"https:\/\/www.gesamtschule-stade.de\/?glossary=materialliste\">Ma\u00adte\u00adri\u00adal\u00adlis\u00adte<\/a><\/li><li class=\"wpg-list-item\"><a class=\"wpg-list-item-title wpg-tooltip\" title=\"<h3 class=&quot;wpg-tooltip-title&quot;><span class=&quot;wpg-tooltip-term-title&quot;>Meeriland<\/span><\/h3><div class=&quot;wpg-tooltip-content&quot;><p style=&quot;text-align: justify;&quot;>Das Meeriland ist ein von Fluren umgebener Innenhof beim Forum, in dem unsere Meerschweinchen leben.<\/p>\n<\/div>\" href=\"https:\/\/www.gesamtschule-stade.de\/?glossary=meeriland\">Mee\u00adri\u00adland<\/a><\/li><li class=\"wpg-list-item\"><a class=\"wpg-list-item-title wpg-tooltip\" title=\"<h3 class=&quot;wpg-tooltip-title&quot;><span class=&quot;wpg-tooltip-term-title&quot;>Mensa<\/span><\/h3><div class=&quot;wpg-tooltip-content&quot;><p style=&quot;text-align: justify;&quot;>Hier gibt\u00b4s Mittagessen: In den Jahrg\u00e4ngen 5 bis 7 gehen die Klassen gemeinsam zum Essen. Die Teilnahme ist f\u00fcr alle Sch\u00fcler*innen verbindlich. Ab Jahrgang 8 ist das Mittagessen ein freiwilliges Angebot.<\/p>\n<\/div>\" href=\"https:\/\/www.gesamtschule-stade.de\/?glossary=mensa\">Men\u00adsa<\/a><\/li><li class=\"wpg-list-item\"><a class=\"wpg-list-item-title wpg-tooltip\" title=\"<h3 class=&quot;wpg-tooltip-title&quot;><span class=&quot;wpg-tooltip-term-title&quot;>Methodenkonzept<\/span><\/h3><div class=&quot;wpg-tooltip-content&quot;><p style=&quot;text-align: justify;&quot;>Das Methodenkonzept der Schule legt fest, in welchen Jahrg\u00e4ngen welche Lern- und Arbeitsmethoden an unserer Schule vermittelt und trainiert werden.<\/p>\n<\/div>\" href=\"https:\/\/www.gesamtschule-stade.de\/?glossary=methodenkonzept\">Me\u00adtho\u00adden\u00adkon\u00adzept<\/a><\/li><li class=\"wpg-list-item\"><a class=\"wpg-list-item-title wpg-tooltip\" title=\"<h3 class=&quot;wpg-tooltip-title&quot;><span class=&quot;wpg-tooltip-term-title&quot;>Methodentag<\/span><\/h3><div class=&quot;wpg-tooltip-content&quot;><p style=&quot;text-align: justify;&quot;>Im Schuljahr gibt es drei Methodentage, an denen allgemeine Lern- und Arbeitsmethoden trainiert werden.<\/p>\n<\/div>\" href=\"https:\/\/www.gesamtschule-stade.de\/?glossary=methodentag\">Me\u00adtho\u00adden\u00adtag<\/a><\/li><li class=\"wpg-list-item\"><a class=\"wpg-list-item-title wpg-tooltip\" title=\"<h3 class=&quot;wpg-tooltip-title&quot;><span class=&quot;wpg-tooltip-term-title&quot;><span class=&quot;caps&quot;>MINT<\/span><\/span><\/h3><div class=&quot;wpg-tooltip-content&quot;><p style=&quot;text-align: justify;&quot;>Das Netzwerk <strong>M<\/strong>athematik-<strong>I<\/strong>nformatik-<strong>N<\/strong>aturwissenschaften-<strong>T<\/strong>echnik (MINT) bietet in Stade naturwissenschaftlich oder technisch interessierten Sch\u00fcler*innen die M\u00f6glichkeit, an MINT-Projekten und Wettbewerben teilzunehmen und Einblicke in MINT-Berufe zu erlangen.<\/p>\n<\/div>\" href=\"https:\/\/www.gesamtschule-stade.de\/?glossary=mint\"><span class=\"caps\">MINT<\/span><\/a><\/li><\/ul><\/div><div class=\"wpg-list-block wpg-filter-n mix\" data-filter-base=\"n\"><h3 class=\"wpg-list-block-heading\">N<\/h3><ul class=\"wpg-list-items\"><li class=\"wpg-list-item\"><a class=\"wpg-list-item-title wpg-tooltip\" title=\"<h3 class=&quot;wpg-tooltip-title&quot;><span class=&quot;wpg-tooltip-term-title&quot;>NaWi \/&nbsp;<span class=&quot;caps&quot;>NW<\/span><\/span><\/h3><div class=&quot;wpg-tooltip-content&quot;><p style=&quot;text-align: justify;&quot;>NaWi oder NW steht f\u00fcr die Natur<strong>wi<\/strong>ssenschaften, also Biologie, Physik und Chemie. Diese werden in den Jahrg\u00e4ngen 5 bis 8 nicht als Einzelf\u00e4cher, sondern f\u00e4cherverbindend unterrichtet. In den Jahrg\u00e4ngen 9 und 10 werden die Einzelf\u00e4cher getrennt unterrichtet, aber weiterhin gemeinsam bewertet.<\/p>\n<\/div>\" href=\"https:\/\/www.gesamtschule-stade.de\/?glossary=nawi-nw\">NaWi \/&nbsp;<span class=\"caps\">NW<\/span><\/a><\/li><li class=\"wpg-list-item\"><a class=\"wpg-list-item-title wpg-tooltip\" title=\"<h3 class=&quot;wpg-tooltip-title&quot;><span class=&quot;wpg-tooltip-term-title&quot;>Neigungskurs<\/span><\/h3><div class=&quot;wpg-tooltip-content&quot;><p style=&quot;text-align: justify;&quot;>Neigungskurse sind das, was in anderen Schulen AGs hei\u00dft: Frei w\u00e4hlbare Kurse aus den Bereichen Sport, Kunst, Theater, Kochen etc. In Jahrgang 5 nehmen alle Sch\u00fcler*innen an mindestens einem Neigungskurs teil. In den h\u00f6heren Jahrg\u00e4ngen ist die Teilnahme freiwillig.<\/p>\n<\/div>\" href=\"https:\/\/www.gesamtschule-stade.de\/?glossary=neigungskurs\">Nei\u00adgungs\u00adkurs<\/a><\/li><li class=\"wpg-list-item\"><a class=\"wpg-list-item-title wpg-tooltip\" title=\"<h3 class=&quot;wpg-tooltip-title&quot;><span class=&quot;wpg-tooltip-term-title&quot;>Noten<\/span><\/h3><div class=&quot;wpg-tooltip-content&quot;><p style=&quot;text-align: justify;&quot;>Noten gibt es bei uns ab Klasse 9. In den Jahrg\u00e4ngen 9 und 10 gibt es 6 Notenziffern: 1 (sehr gut), 2 (gut), 3 (befriedigend), 4 (ausreichend), 5 (mangelhaft) und 6 (ungen\u00fcgend). In den Jahrg\u00e4ngen 11 bis 13 gibt es Notenpunkte von 0 bis 15, wobei 15 Punkte die beste Bewertung ist, 0 die schlechteste.<\/p>\n<\/div>\" href=\"https:\/\/www.gesamtschule-stade.de\/?glossary=noten\">No\u00adten<\/a><\/li><\/ul><\/div><div class=\"wpg-list-block wpg-filter-o mix\" data-filter-base=\"o\"><h3 class=\"wpg-list-block-heading\">O<\/h3><ul class=\"wpg-list-items\"><li class=\"wpg-list-item\"><a class=\"wpg-list-item-title wpg-tooltip\" title=\"<h3 class=&quot;wpg-tooltip-title&quot;><span class=&quot;wpg-tooltip-term-title&quot;>OAse<\/span><\/h3><div class=&quot;wpg-tooltip-content&quot;><p style=&quot;text-align: justify;&quot;>OAse steht f\u00fcr <strong>O<\/strong>ffene <strong>A<\/strong>nfangspha<strong>se<\/strong>. Morgens werden die Sch\u00fcler*innen im Zeitraum von 7:40 bis 8:00 Uhr in ihrem Jahrgangsbereich von einer Lehrkraft begr\u00fc\u00dft. Die Sch\u00fcler*innen d\u00fcrfen sich dann im Klassenraum aufhalten und sich auf den Tag vorbereiten.<\/p>\n<\/div>\" href=\"https:\/\/www.gesamtschule-stade.de\/?glossary=oase\">OAse<\/a><\/li><li class=\"wpg-list-item\"><a class=\"wpg-list-item-title wpg-tooltip\" title=\"<h3 class=&quot;wpg-tooltip-title&quot;><span class=&quot;wpg-tooltip-term-title&quot;>Oberstufe<\/span><\/h3><div class=&quot;wpg-tooltip-content&quot;><p style=&quot;text-align: justify;&quot;>Als Oberstufe bezeichnet man die Jahrg\u00e4nge 11 bis 13. Alle Sch\u00fcler*innen, die nach der 10. Klasse den Erweiterten Sekundarabschluss I erwerben, haben die Zugangsberechtigung zur Oberstufe. Die Oberstufe gliedert sich in die Einf\u00fchrungsphase (Jahrgang 11) und die Qualifikationsphase (Jahrg\u00e4nge 12 und 13) und endet mit der Abiturpr\u00fcfung.<\/p>\n<\/div>\" href=\"https:\/\/www.gesamtschule-stade.de\/?glossary=oberstufe\">Ober\u00adstu\u00adfe<\/a><\/li><li class=\"wpg-list-item\"><a class=\"wpg-list-item-title wpg-tooltip\" title=\"<h3 class=&quot;wpg-tooltip-title&quot;><span class=&quot;wpg-tooltip-term-title&quot;>Oma<\/span><\/h3><div class=&quot;wpg-tooltip-content&quot;><p style=&quot;text-align: justify;&quot;><strong>O<\/strong>ffenes <strong>M<\/strong>ittags-<strong>A<\/strong>ngebot \u2013 In der ersten H\u00e4lfte der Mittagspause gibt es diverse Mittagsangebote. Meist sind diese offen, das hei\u00dft, dass Sch\u00fcler*innen diese Angebote ohne feste Anmeldung nutzen k\u00f6nnen.<\/p>\n<\/div>\" href=\"https:\/\/www.gesamtschule-stade.de\/?glossary=oma\">Oma<\/a><\/li><li class=\"wpg-list-item\"><a class=\"wpg-list-item-title wpg-tooltip\" title=\"<h3 class=&quot;wpg-tooltip-title&quot;><span class=&quot;wpg-tooltip-term-title&quot;>Opa<\/span><\/h3><div class=&quot;wpg-tooltip-content&quot;><p style=&quot;text-align: justify;&quot;><strong>O<\/strong>ffenes <strong>P<\/strong>ausen-<strong>A<\/strong>ngebot \u2013 Genau das gleiche wie eine Oma - nur in der zweiten Pausenh\u00e4lfte. Denn es gilt: Erst Oma, dann Opa!<\/p>\n<\/div>\" href=\"https:\/\/www.gesamtschule-stade.de\/?glossary=opa\">Opa<\/a><\/li><li class=\"wpg-list-item\"><a class=\"wpg-list-item-title wpg-tooltip\" title=\"<h3 class=&quot;wpg-tooltip-title&quot;><span class=&quot;wpg-tooltip-term-title&quot;>Organigramm<\/span><\/h3><div class=&quot;wpg-tooltip-content&quot;><p style=&quot;text-align: justify;&quot;>Das Organigramm unserer Schule ist auf unserer Homepage zu finden. Es stellt die Organisationsstruktur und die Verantwortlichkeiten in unserer Schule dar.<\/p>\n<\/div>\" href=\"https:\/\/www.gesamtschule-stade.de\/?glossary=organigramm\">Or\u00adga\u00adni\u00adgramm<\/a><\/li><\/ul><\/div><div class=\"wpg-list-block wpg-filter-p mix\" data-filter-base=\"p\"><h3 class=\"wpg-list-block-heading\">P<\/h3><ul class=\"wpg-list-items\"><li class=\"wpg-list-item\"><a class=\"wpg-list-item-title wpg-tooltip\" title=\"<h3 class=&quot;wpg-tooltip-title&quot;><span class=&quot;wpg-tooltip-term-title&quot;>P\u00e4dagogische Mitarbeiter*innen<\/span><\/h3><div class=&quot;wpg-tooltip-content&quot;><p style=&quot;text-align: justify;&quot;>In unserer Schule gibt es eine Reihe von p\u00e4dagogischen Mitarbeiter*innen, die daf\u00fcr sorgen, dass der Ganztagsbetrieb funktioniert. Sie unterst\u00fctzen vor allem im Selbstlernzentrum und in den Neigungskursen sowie bei den Mittagsangeboten.<\/p>\n<\/div>\" href=\"https:\/\/www.gesamtschule-stade.de\/?glossary=paedagogische-mitarbeiterinnen\">P\u00e4d\u00adago\u00adgi\u00adsche Mitarbeiter*innen<\/a><\/li><li class=\"wpg-list-item\"><a class=\"wpg-list-item-title wpg-tooltip\" title=\"<h3 class=&quot;wpg-tooltip-title&quot;><span class=&quot;wpg-tooltip-term-title&quot;>Praktikum<\/span><\/h3><div class=&quot;wpg-tooltip-content&quot;><p style=&quot;text-align: justify;&quot;>An der IGS Stade findet in den Jahrg\u00e4ngen 8, 9 und 11 jeweils ein zweiw\u00f6chiges Betriebspraktikum statt. Ziel dieser Praktika ist es, unterschiedliche Berufe und Arbeitswelten kennenzulernen und so berufliche Erfahrungen zu sammeln. Somit sind die Praktika ein wichtiger Bestanteil der Berufsorientierung. In den Praktika werden die Sch\u00fcler*innen von den Klassenlehrkr\u00e4ften besucht.<\/p>\n<\/div>\" href=\"https:\/\/www.gesamtschule-stade.de\/?glossary=praktikum\">Prak\u00adti\u00adkum<\/a><\/li><li class=\"wpg-list-item\"><a class=\"wpg-list-item-title wpg-tooltip\" title=\"<h3 class=&quot;wpg-tooltip-title&quot;><span class=&quot;wpg-tooltip-term-title&quot;>Projekt (Unterrichtsfach)<\/span><\/h3><div class=&quot;wpg-tooltip-content&quot;><p style=&quot;text-align: justify;&quot;>In den Jahrg\u00e4ngen 5 bis 7 gibt es in jeder Unterrichtswoche 2 Stunden Projektunterricht. In diesem Schulfach wird f\u00e4cher\u00fcbergreifend gelernt. Themen sind zum Beispiel die Nordsee, \u00c4gypten oder die Bewahrung der Sch\u00f6pfung. Die Sch\u00fcler*innen suchen in kleinen Gruppen nach Antworten auf Forscherfragen. Am Ende werden die Ergebnisse in der Klasse oder im Jahrgang pr\u00e4sentiert.<\/p>\n<\/div>\" href=\"https:\/\/www.gesamtschule-stade.de\/?glossary=projekt-unterrichtsfach\">Pro\u00adjekt (Un\u00adter\u00adrichts\u00adfach)<\/a><\/li><li class=\"wpg-list-item\"><a class=\"wpg-list-item-title wpg-tooltip\" title=\"<h3 class=&quot;wpg-tooltip-title&quot;><span class=&quot;wpg-tooltip-term-title&quot;>Projektwoche<\/span><\/h3><div class=&quot;wpg-tooltip-content&quot;><p style=&quot;text-align: justify;&quot;>In jedem Schuljahr findet in unserer Schule eine Projektwoche statt (im Wechsel jahrgangsintern und jahrgangs\u00fcbergreifend). In diesen Wochen gibt es keinen regul\u00e4ren Fachunterricht, sondern fach\u00fcbergreifendes, projektorientiertes Lernen f\u00fcr alle. Durch die Arbeit an Projekten erhalten die Sch\u00fcler*innen die M\u00f6glichkeit eigenen Interessen und individuellen Fragestellungen nachzugehen.<\/p>\n<\/div>\" href=\"https:\/\/www.gesamtschule-stade.de\/?glossary=projektwoche\">Pro\u00adjekt\u00adwo\u00adche<\/a><\/li><\/ul><\/div><div class=\"wpg-list-block wpg-filter-r mix\" data-filter-base=\"r\"><h3 class=\"wpg-list-block-heading\">R<\/h3><ul class=\"wpg-list-items\"><li class=\"wpg-list-item\"><a class=\"wpg-list-item-title wpg-tooltip\" title=\"<h3 class=&quot;wpg-tooltip-title&quot;><span class=&quot;wpg-tooltip-term-title&quot;>R\u00fcckmeldeb\u00f6gen<\/span><\/h3><div class=&quot;wpg-tooltip-content&quot;><p style=&quot;text-align: justify;&quot;>Am Ende von Unterrichtseinheiten erhalten Sch\u00fcler*innen R\u00fcckmeldeb\u00f6gen mit einer Bewertung der erreichten Kompetenzen. Die Sch\u00fcler*innen sorgen eigenverantwortlich daf\u00fcr, dass s\u00e4mtliche R\u00fcckmeldeb\u00f6gen (nachdem die Eltern unterschrieben haben) im LEO abgeheftet werden.<\/p>\n<\/div>\" href=\"https:\/\/www.gesamtschule-stade.de\/?glossary=rueckmeldeboegen\">R\u00fcck\u00admel\u00adde\u00adb\u00f6\u00adgen<\/a><\/li><\/ul><\/div><div class=\"wpg-list-block wpg-filter-s mix\" data-filter-base=\"s\"><h3 class=\"wpg-list-block-heading\">S<\/h3><ul class=\"wpg-list-items\"><li class=\"wpg-list-item\"><a class=\"wpg-list-item-title wpg-tooltip\" title=\"<h3 class=&quot;wpg-tooltip-title&quot;><span class=&quot;wpg-tooltip-term-title&quot;>SchiLF<\/span><\/h3><div class=&quot;wpg-tooltip-content&quot;><p style=&quot;text-align: justify;&quot;><strong>Sch<\/strong>ul-<strong>i<\/strong>nterne<strong> L<\/strong>ehrer-<strong>F<\/strong>ortbildung: Mindestens einmal pro Schuljahr findet in der IGS Stade eine SchiLF statt: An SchiLF-Tagen f\u00e4llt meist der Unterricht aus - zumindest teilweise.<\/p>\n<\/div>\" href=\"https:\/\/www.gesamtschule-stade.de\/?glossary=schilf\">SchiLF<\/a><\/li><li class=\"wpg-list-item\"><a class=\"wpg-list-item-title wpg-tooltip\" title=\"<h3 class=&quot;wpg-tooltip-title&quot;><span class=&quot;wpg-tooltip-term-title&quot;>Schnuppertag<\/span><\/h3><div class=&quot;wpg-tooltip-content&quot;><p style=&quot;text-align: justify;&quot;>Einmal im Schuljahr (meist vor den Osterferien) bieten wir f\u00fcr interessierte Viertkl\u00e4ssler und ihre Erziehungsberechtigten einen Schnuppertag an. An diesem Tag stellen wir unsere Schule vor. U.a. f\u00fchren gr\u00f6\u00dfere Sch\u00fcler*innen durch das Haus und zeigen die unterschiedlichen Fachbereiche.<\/p>\n<\/div>\" href=\"https:\/\/www.gesamtschule-stade.de\/?glossary=schnuppertag\">Schnup\u00adper\u00adtag<\/a><\/li><li class=\"wpg-list-item\"><a class=\"wpg-list-item-title wpg-tooltip\" title=\"<h3 class=&quot;wpg-tooltip-title&quot;><span class=&quot;wpg-tooltip-term-title&quot;>Schulbekleidung<\/span><\/h3><div class=&quot;wpg-tooltip-content&quot;><p style=&quot;text-align: justify;&quot;>Schulkleidung (also Kleidung mit dem IGS-Logo) ist \u00fcber einen Link auf unserer Homepage zu bestellen. Angeboten werden u.a. T-Shirts, Sweater und Jacken.<\/p>\n<\/div>\" href=\"https:\/\/www.gesamtschule-stade.de\/?glossary=schulbekleidung\">Schul\u00adbe\u00adklei\u00addung<\/a><\/li><li class=\"wpg-list-item\"><a class=\"wpg-list-item-title wpg-tooltip\" title=\"<h3 class=&quot;wpg-tooltip-title&quot;><span class=&quot;wpg-tooltip-term-title&quot;>Schulb\u00fccher<\/span><\/h3><div class=&quot;wpg-tooltip-content&quot;><p style=&quot;text-align: justify;&quot;>Die Schulbuchlisten sind auf der Homepage zu finden. Schulb\u00fccher k\u00f6nnen gekauft oder ausgeliehen werden. Bei der Ausleihe sind die vorgegebenen Fristen unbedingt zu beachten. Familien, die Sozialleistungen beziehen, k\u00f6nnen die B\u00fccher umsonst leihen, wenn sie rechtzeitig den aktuellen Leistungsbescheid vorlegen.<\/p>\n<\/div>\" href=\"https:\/\/www.gesamtschule-stade.de\/?glossary=schulbuecher\">Schul\u00adb\u00fc\u00adcher<\/a><\/li><li class=\"wpg-list-item\"><a class=\"wpg-list-item-title wpg-tooltip\" title=\"<h3 class=&quot;wpg-tooltip-title&quot;><span class=&quot;wpg-tooltip-term-title&quot;>Schule ohne Rassismus \u2013 Schule mit Courage<\/span><\/h3><div class=&quot;wpg-tooltip-content&quot;><p style=&quot;text-align: justify;&quot;>2016 hat die IGS durch verschiedene Projekte, Charity-Aktionen zur Fl\u00fcchtlingshilfe und entsprechende Unterschriftensammlungen die Auszeichnung \u201eSchule ohne Rassismus \u2013 Schule mit Courage\u201c erhalten. Fast alle Sch\u00fcler*innen, Lehrkr\u00e4fte und Mitarbeiter*innen haben eine Selbstverpflichtung zum Engagement gegen jede Form von Diskriminierung und Rassismus unterschrieben. Mindestens einmal j\u00e4hrlich sollen in der IGS Projekte zu diesen Themen durchgef\u00fchrt werden.<\/p>\n<\/div>\" href=\"https:\/\/www.gesamtschule-stade.de\/?glossary=schule-ohne-rassismus-schule-mit-courage\">Schu\u00adle ohne Ras\u00adsis\u00admus \u2013 Schu\u00adle mit Courage<\/a><\/li><li class=\"wpg-list-item\"><a class=\"wpg-list-item-title wpg-tooltip\" title=\"<h3 class=&quot;wpg-tooltip-title&quot;><span class=&quot;wpg-tooltip-term-title&quot;>Schulelternrat<\/span><\/h3><div class=&quot;wpg-tooltip-content&quot;><p style=&quot;text-align: justify;&quot;>Mindestens zweimal im Jahr tagt der Schulelternrat, in dem s\u00e4mtliche Klassenelternvertreter*innen Mitglied sind. Der Schulelternrat ber\u00e4t \u00fcber alle Fragen, die f\u00fcr die Schule von besonderer Bedeutung sind.<\/p>\n<\/div>\" href=\"https:\/\/www.gesamtschule-stade.de\/?glossary=schulelternrat\">Schul\u00adel\u00adtern\u00adrat<\/a><\/li><li class=\"wpg-list-item\"><a class=\"wpg-list-item-title wpg-tooltip\" title=\"<h3 class=&quot;wpg-tooltip-title&quot;><span class=&quot;wpg-tooltip-term-title&quot;>Sch\u00fcleraustausch \/ Schulpartnerschaft Simbabwe<\/span><\/h3><div class=&quot;wpg-tooltip-content&quot;><p style=&quot;text-align: justify;&quot;>Seit dem Schuljahr 2021\/ 2022 haben wir eine Schulpartnerschaft mit der Msiteli High School in Bulawayo (Simbabwe). Im Schuljahr 2022\/2023 fanden die ersten gegenseitigen Besuche statt. Lehrkr\u00e4fte und Sch\u00fcler*innen der IGS Stade waren in Bulawayo, kurze Zeit sp\u00e4ter gab es den Gegenbesuch in Stade. Die Partnerschaft zielt auf einen Austausch auf Augenh\u00f6he.<\/p>\n<\/div>\" href=\"https:\/\/www.gesamtschule-stade.de\/?glossary=schueleraustausch-schulpartnerschaft-simbabwe\">Sch\u00fc\u00adler\u00adaus\u00adtausch \/ Schul\u00adpart\u00adner\u00adschaft Simbabwe<\/a><\/li><li class=\"wpg-list-item\"><a class=\"wpg-list-item-title wpg-tooltip\" title=\"<h3 class=&quot;wpg-tooltip-title&quot;><span class=&quot;wpg-tooltip-term-title&quot;>Sch\u00fclersprechtage<\/span><\/h3><div class=&quot;wpg-tooltip-content&quot;><p style=&quot;text-align: justify;&quot;>Nach den Osterferien finden in allen Klassen Sch\u00fcler-Lehrer-Gespr\u00e4che statt, in denen besprochen wird, inwieweit die vereinbarten Ziele f\u00fcr das zweite Halbjahr noch im Blick sind und was bis zum Ende des Schuljahres noch zu tun bleibt.<\/p>\n<\/div>\" href=\"https:\/\/www.gesamtschule-stade.de\/?glossary=schuelersprechtage\">Sch\u00fc\u00adler\u00adsprech\u00adta\u00adge<\/a><\/li><li class=\"wpg-list-item\"><a class=\"wpg-list-item-title wpg-tooltip\" title=\"<h3 class=&quot;wpg-tooltip-title&quot;><span class=&quot;wpg-tooltip-term-title&quot;>Sch\u00fclervertretung<\/span><\/h3><div class=&quot;wpg-tooltip-content&quot;><p style=&quot;text-align: justify;&quot;>In jeder Klasse wird ein Klassensprechertandem gew\u00e4hlt (ein M\u00e4dchen und ein Junge). Alle Klassensprechertandems der Schule bilden gemeinsam den Sch\u00fclerrat. Im Sch\u00fclerrat werden Vertreter*innen f\u00fcr die Gesamtkonferenz, den Schulvorstand und die Fachkonferenzen gew\u00e4hlt, damit in allen Gremien Sch\u00fcler*innen mitberaten und mitbestimmen k\u00f6nnen.<\/p>\n<\/div>\" href=\"https:\/\/www.gesamtschule-stade.de\/?glossary=schuelervertretung\">Sch\u00fc\u00adler\u00adver\u00adtre\u00adtung<\/a><\/li><li class=\"wpg-list-item\"><a class=\"wpg-list-item-title wpg-tooltip\" title=\"<h3 class=&quot;wpg-tooltip-title&quot;><span class=&quot;wpg-tooltip-term-title&quot;>Schulgarten<\/span><\/h3><div class=&quot;wpg-tooltip-content&quot;><p style=&quot;text-align: justify;&quot;>Der Schulgarten ist hinter dem Umwelthaus zu finden. Er wird von Sch\u00fcler*innen und Lehrkr\u00e4ften gepflegt.<\/p>\n<\/div>\" href=\"https:\/\/www.gesamtschule-stade.de\/?glossary=schulgarten\">Schul\u00adgar\u00adten<\/a><\/li><li class=\"wpg-list-item\"><a class=\"wpg-list-item-title wpg-tooltip\" title=\"<h3 class=&quot;wpg-tooltip-title&quot;><span class=&quot;wpg-tooltip-term-title&quot;>Schulordnung<\/span><\/h3><div class=&quot;wpg-tooltip-content&quot;><p style=&quot;text-align: justify;&quot;>Die Schulordnung enth\u00e4lt die Regeln des Zusammenlebens in der Schule. Sie ist auf der Homepage zu finden.<\/p>\n<\/div>\" href=\"https:\/\/www.gesamtschule-stade.de\/?glossary=schulordnung\">Schul\u00adord\u00adnung<\/a><\/li><li class=\"wpg-list-item\"><a class=\"wpg-list-item-title wpg-tooltip\" title=\"<h3 class=&quot;wpg-tooltip-title&quot;><span class=&quot;wpg-tooltip-term-title&quot;>Schulsozialarbeit<\/span><\/h3><div class=&quot;wpg-tooltip-content&quot;><p style=&quot;text-align: justify;&quot;>Die Sozialarbeiter*innen der Schule sind Ansprechpartner*innen f\u00fcr die gro\u00dfen und kleinen Probleme der Sch\u00fcler*innen. Sie beraten aber auch Lehrkr\u00e4fte und Erziehungsberechtigte. Siehe auch Stichwort \u201eBeratung\u201c<\/p>\n<\/div>\" href=\"https:\/\/www.gesamtschule-stade.de\/?glossary=schulsozialarbeit\">Schul\u00adso\u00adzi\u00adal\u00adar\u00adbeit<\/a><\/li><li class=\"wpg-list-item\"><a class=\"wpg-list-item-title wpg-tooltip\" title=\"<h3 class=&quot;wpg-tooltip-title&quot;><span class=&quot;wpg-tooltip-term-title&quot;>Schulvereinbarungen<\/span><\/h3><div class=&quot;wpg-tooltip-content&quot;><p style=&quot;text-align: justify;&quot;>In der IGS Stade gibt es Schulvereinbarungen, die die wichtigsten Grunds\u00e4tze des Zusammenlebens und -arbeitens enthalten. Alle Lehrkr\u00e4fte, alle Sch\u00fcler*innen und alle Erziehungsberechtigte m\u00fcssen diese Vereinbarung pers\u00f6nlich unterzeichnen.<\/p>\n<\/div>\" href=\"https:\/\/www.gesamtschule-stade.de\/?glossary=schulvereinbarungen\">Schul\u00adver\u00adein\u00adba\u00adrun\u00adgen<\/a><\/li><li class=\"wpg-list-item\"><a class=\"wpg-list-item-title wpg-tooltip\" title=\"<h3 class=&quot;wpg-tooltip-title&quot;><span class=&quot;wpg-tooltip-term-title&quot;>Schulvorstand<\/span><\/h3><div class=&quot;wpg-tooltip-content&quot;><p style=&quot;text-align: justify;&quot;>Der Schulvorstand ist das wichtigste Beschlussgremium der Schule. Mitglied im Schulvorstand sind 8 Lehrkr\u00e4fte, 4 Elternvertreter*innen und 4 Sch\u00fclervertreter*innen. Der Schulvorstand entscheidet u.a. \u00fcber das Schulprogramm, die Verwendung der Haushaltsmittel oder \u00fcber die Ausgestaltung der Stundentafel.<\/p>\n<\/div>\" href=\"https:\/\/www.gesamtschule-stade.de\/?glossary=schulvorstand\">Schul\u00advor\u00adstand<\/a><\/li><li class=\"wpg-list-item\"><a class=\"wpg-list-item-title wpg-tooltip\" title=\"<h3 class=&quot;wpg-tooltip-title&quot;><span class=&quot;wpg-tooltip-term-title&quot;>SegeL<\/span><\/h3><div class=&quot;wpg-tooltip-content&quot;><p style=&quot;text-align: justify;&quot;>An vier Schultagen (in den Jahrg\u00e4ngen 8-10: an drei Schultagen) gibt es eine 40-min\u00fctige Phase f\u00fcr <strong>Se<\/strong>lbst<strong>ge<\/strong>steuertes <strong>L<\/strong>ernen (SegeL). In dieser Zeit arbeiten die Sch\u00fcler*innen an ihren Aufgaben in verschiedenen F\u00e4chern. Das ist \u00e4hnlich wie Hausaufgaben - nur in der Schule und unter Aufsicht und Begleitung einer Lehrkraft.<\/p>\n<\/div>\" href=\"https:\/\/www.gesamtschule-stade.de\/?glossary=segel\">Se\u00adgeL<\/a><\/li><li class=\"wpg-list-item\"><a class=\"wpg-list-item-title wpg-tooltip\" title=\"<h3 class=&quot;wpg-tooltip-title&quot;><span class=&quot;wpg-tooltip-term-title&quot;>Sekretariat<\/span><\/h3><div class=&quot;wpg-tooltip-content&quot;><p style=&quot;text-align: justify;&quot;>Das Sekretariat ist von 7:00 bis 15:30 Uhr besetzt (freitags bis 13:30 Uhr). Das Sekretariat hat die Telefonnummer 04141\/ 797500<\/p>\n<\/div>\" href=\"https:\/\/www.gesamtschule-stade.de\/?glossary=sekretariat\">Se\u00adkre\u00adta\u00adri\u00adat<\/a><\/li><li class=\"wpg-list-item\"><a class=\"wpg-list-item-title wpg-tooltip\" title=\"<h3 class=&quot;wpg-tooltip-title&quot;><span class=&quot;wpg-tooltip-term-title&quot;>SEL-Gespr\u00e4che<\/span><\/h3><div class=&quot;wpg-tooltip-content&quot;><p>Die <strong>S<\/strong>ch\u00fcler-<strong>E<\/strong>ltern-Lehrer-<strong>G<\/strong>espr\u00e4che finden am Ende des ersten Schulhalbjahres statt. Hier werden die Lernentwicklungsberichte besprochen und Zielvereinbarungen f\u00fcr das zweite Halbjahr getroffen.<\/p>\n<\/div>\" href=\"https:\/\/www.gesamtschule-stade.de\/?glossary=sel-gespraeche\">SEL-Ge\u00adspr\u00e4\u00adche<\/a><\/li><li class=\"wpg-list-item\"><a class=\"wpg-list-item-title wpg-tooltip\" title=\"<h3 class=&quot;wpg-tooltip-title&quot;><span class=&quot;wpg-tooltip-term-title&quot;>Selbstlernzentrum (<span class=&quot;caps&quot;>SLZ<\/span>)<\/span><\/h3><div class=&quot;wpg-tooltip-content&quot;><p style=&quot;text-align: justify;&quot;>Das <strong>S<\/strong>elbst<strong>l<\/strong>ern<strong>z<\/strong>entrum ist eine weiterentwickelte Form der Schulbibliothek. Neben einer gro\u00dfen Auswahl an Jugendliteratur, Romanen und Sachb\u00fcchern, k\u00f6nnen hier verschiedene digitale Medien zum selbstst\u00e4ndigen Lernen und Arbeiten genutzt werden.<\/p>\n<\/div>\" href=\"https:\/\/www.gesamtschule-stade.de\/?glossary=selbstlernzentrum-slz\">Selbst\u00adlern\u00adzen\u00adtrum (<span class=\"caps\">SLZ<\/span>)<\/a><\/li><li class=\"wpg-list-item\"><a class=\"wpg-list-item-title wpg-tooltip\" title=\"<h3 class=&quot;wpg-tooltip-title&quot;><span class=&quot;wpg-tooltip-term-title&quot;>Soziales Lernen (<span class=&quot;caps&quot;>SOL<\/span>)<\/span><\/h3><div class=&quot;wpg-tooltip-content&quot;><p style=&quot;text-align: justify;&quot;>In den Jahrg\u00e4ngen 5 und 6 wird das Unterrichtsfach \u201e<strong>So<\/strong>ziales <strong>L<\/strong>ernen\u201c (SOL) einst\u00fcndig unterrichtet. In diesem Fach geht es um die F\u00f6rderung sozialer Kompetenzen: Die Sch\u00fcler*innen lernen u.a., Verantwortung f\u00fcr ihre Klasse zu \u00fcbernehmen, Konflikte zu l\u00f6sen und sich konsequent gegen Mobbing einzusetzen.<\/p>\n<\/div>\" href=\"https:\/\/www.gesamtschule-stade.de\/?glossary=soziales-lernen-sol\">So\u00adzia\u00adles Ler\u00adnen (<span class=\"caps\">SOL<\/span>)<\/a><\/li><li class=\"wpg-list-item\"><a class=\"wpg-list-item-title wpg-tooltip\" title=\"<h3 class=&quot;wpg-tooltip-title&quot;><span class=&quot;wpg-tooltip-term-title&quot;>Sozialverhalten (<span class=&quot;caps&quot;>SV<\/span>)<\/span><\/h3><div class=&quot;wpg-tooltip-content&quot;><p style=&quot;text-align: justify;&quot;>Im Lernentwicklungsbericht wird das Sozialverhalten unserer Sch\u00fcler*innen differenziert bewertet. Es gibt u.a. eine R\u00fcckmeldung zur Einhaltung von Regeln, zum Respekt gegen\u00fcber anderen, zur Konfliktf\u00e4higkeit und zum Verantwortungsbewusstsein.<\/p>\n<\/div>\" href=\"https:\/\/www.gesamtschule-stade.de\/?glossary=sozialverhalten-sv\">So\u00adzi\u00adal\u00adver\u00adhal\u00adten (<span class=\"caps\">SV<\/span>)<\/a><\/li><li class=\"wpg-list-item\"><a class=\"wpg-list-item-title wpg-tooltip\" title=\"<h3 class=&quot;wpg-tooltip-title&quot;><span class=&quot;wpg-tooltip-term-title&quot;>Sprachenfahrten<\/span><\/h3><div class=&quot;wpg-tooltip-content&quot;><p style=&quot;text-align: justify;&quot;>Die f\u00fcnft\u00e4gigen Sprachenfahrten finden einmal pro Schuljahr in den Jahrg\u00e4ngen 9, 10 und 11 statt. Die Sch\u00fcler*innen k\u00f6nnen hierbei w\u00e4hlen, ob sie nach England, Frankreich oder Spanien fahren m\u00f6chten. Bei dieser Wahl ist es aber notwendig, dass die jeweilige Sprache von den Sch\u00fcler*innen zum Zeitpunkt der Fahrt belegt wird.<\/p>\n<p style=&quot;text-align: justify;&quot;>Diese Fahrten sollen einen interkulturellen Austausch und den direkten Kontakt mit der Fremdsprache und dem Land erm\u00f6glichen.<\/p>\n<\/div>\" href=\"https:\/\/www.gesamtschule-stade.de\/?glossary=sprachenfahrten\">Spra\u00adchen\u00adfahr\u00adten<\/a><\/li><li class=\"wpg-list-item\"><a class=\"wpg-list-item-title wpg-tooltip\" title=\"<h3 class=&quot;wpg-tooltip-title&quot;><span class=&quot;wpg-tooltip-term-title&quot;><span class=&quot;caps&quot;>SV<\/span><\/span><\/h3><div class=&quot;wpg-tooltip-content&quot;><p style=&quot;text-align: justify;&quot;>SV ist die Abk\u00fcrzung f\u00fcr die <strong>S<\/strong>ch\u00fcler<strong>v<\/strong>ertretung. Die SV gestaltet das Schulleben mit und vertritt die Interessen der Sch\u00fclerschaft in wichtigen, die Schule insgesamt betreffenden Entscheidungen. Sie besteht aus dem Sch\u00fclersprechertandem, den Jahrgangssprecher*innen, den Schulvorstandsmitgliedern und weiteren gew\u00e4hlten Sch\u00fclervertreter*innen.<\/p>\n<\/div>\" href=\"https:\/\/www.gesamtschule-stade.de\/?glossary=sv\"><span class=\"caps\">SV<\/span><\/a><\/li><\/ul><\/div><div class=\"wpg-list-block wpg-filter-t mix\" data-filter-base=\"t\"><h3 class=\"wpg-list-block-heading\">T<\/h3><ul class=\"wpg-list-items\"><li class=\"wpg-list-item\"><a class=\"wpg-list-item-title wpg-tooltip\" title=\"<h3 class=&quot;wpg-tooltip-title&quot;><span class=&quot;wpg-tooltip-term-title&quot;>Tandem<\/span><\/h3><div class=&quot;wpg-tooltip-content&quot;><p style=&quot;text-align: justify;&quot;>Das Klassenlehrertandem, kurz: Tandem, ist die Bezeichnung f\u00fcr die zwei Lehrkr\u00e4fte, die die Klasse leiten. In der Regel leiten eine Lehrerin und ein Lehrer die Klasse, aber es gibt auch Klassen, die von zwei M\u00e4nnern oder zwei Frauen geleitet werden.<\/p>\n<\/div>\" href=\"https:\/\/www.gesamtschule-stade.de\/?glossary=tandem\">Tan\u00addem<\/a><\/li><li class=\"wpg-list-item\"><a class=\"wpg-list-item-title wpg-tooltip\" title=\"<h3 class=&quot;wpg-tooltip-title&quot;><span class=&quot;wpg-tooltip-term-title&quot;>Tischgruppen<\/span><\/h3><div class=&quot;wpg-tooltip-content&quot;><p style=&quot;text-align: justify;&quot;>In allen Klassen werden feste Tisch- bzw. Arbeitsgruppen gebildet, in denen Jungen und M\u00e4dchen, leistungsst\u00e4rkere und leistungsschw\u00e4chere Sch\u00fcler*innen gemeinsam lernen. Diese Arbeitsgruppen erhalten im Fachunterricht vielf\u00e4ltige Aufgaben, die kooperativ zu l\u00f6sen sind. Tischgruppen sind Arbeitsgruppen und sollen f\u00fcr ein Jahr stabil bleiben.<\/p>\n<\/div>\" href=\"https:\/\/www.gesamtschule-stade.de\/?glossary=tischgruppen\">Tisch\u00adgrup\u00adpen<\/a><\/li><li class=\"wpg-list-item\"><a class=\"wpg-list-item-title wpg-tooltip\" title=\"<h3 class=&quot;wpg-tooltip-title&quot;><span class=&quot;wpg-tooltip-term-title&quot;>Tischgruppenabend (<span class=&quot;caps&quot;>TGA<\/span>)<\/span><\/h3><div class=&quot;wpg-tooltip-content&quot;><p style=&quot;text-align: justify;&quot;>In den Jahrg\u00e4ngen 5 bis 8 (auf Wunsch auch in 9 und 10) finden mindestens einmal pro Schuljahr <strong>T<\/strong>isch<strong>g<\/strong>ruppen-<strong>A<\/strong>bende (TGA) statt. An den Tischgruppenabenden treffen sich die Sch\u00fcler*innen einer Tischgruppe mit dem Tandem und den Erziehungsberechtigten \u2013 i.d.R. in einem der Elternh\u00e4user. Diese Abende sollen die Zusammenarbeit in der Tischgruppe verbessern und dazu beitragen, dass auch zwischen den Erziehungsberechtigten und Lehrkr\u00e4ften eine Vertrauensbasis entsteht.<\/p>\n<\/div>\" href=\"https:\/\/www.gesamtschule-stade.de\/?glossary=tischgruppenabend-tga\">Tisch\u00adgrup\u00adpen\u00adabend (<span class=\"caps\">TGA<\/span>)<\/a><\/li><\/ul><\/div><div class=\"wpg-list-block wpg-filter-u mix\" data-filter-base=\"u\"><h3 class=\"wpg-list-block-heading\">U<\/h3><ul class=\"wpg-list-items\"><li class=\"wpg-list-item\"><a class=\"wpg-list-item-title wpg-tooltip\" title=\"<h3 class=&quot;wpg-tooltip-title&quot;><span class=&quot;wpg-tooltip-term-title&quot;>Umweltschule (in Europa)<\/span><\/h3><div class=&quot;wpg-tooltip-content&quot;><p style=&quot;text-align: justify;&quot;>Die IGS Stade ist seit vielen Jahren Umweltschule. Das bedeutet, in der Schulgemeinschaft legen wir Wert auf umweltbewusstes Verhalten. Regelm\u00e4\u00dfig werden besondere Projekte zur Umwelterziehung durchgef\u00fchrt.<\/p>\n<\/div>\" href=\"https:\/\/www.gesamtschule-stade.de\/?glossary=umweltschule-in-europa\">Um\u00adwelt\u00adschu\u00adle (in Europa)<\/a><\/li><li class=\"wpg-list-item\"><a class=\"wpg-list-item-title wpg-tooltip\" title=\"<h3 class=&quot;wpg-tooltip-title&quot;><span class=&quot;wpg-tooltip-term-title&quot;>Unterrichtszeiten<\/span><\/h3><div class=&quot;wpg-tooltip-content&quot;><p style=&quot;text-align: justify;&quot;>Die Unterrichtszeiten sind auf der Homepage zu finden. Der Unterricht beginnt f\u00fcr alle Klassen um 8 Uhr. Montags und freitags endet der Pflichtunterricht mittags. Dienstags bis donnerstags gibt es in der Regel auch Nachmittagsunterricht.<\/p>\n<\/div>\" href=\"https:\/\/www.gesamtschule-stade.de\/?glossary=unterrichtszeiten\">Un\u00adter\u00adrichts\u00adzei\u00adten<\/a><\/li><\/ul><\/div><div class=\"wpg-list-block wpg-filter-v mix\" data-filter-base=\"v\"><h3 class=\"wpg-list-block-heading\">V<\/h3><ul class=\"wpg-list-items\"><li class=\"wpg-list-item\"><a class=\"wpg-list-item-title wpg-tooltip\" title=\"<h3 class=&quot;wpg-tooltip-title&quot;><span class=&quot;wpg-tooltip-term-title&quot;>Vertretungsplan<\/span><\/h3><div class=&quot;wpg-tooltip-content&quot;><p style=&quot;text-align: justify;&quot;>Der Vertretungsplan der Schule ist \u00fcber die App \u201eUntis mobile\u201c einzusehen. Alle Sch\u00fcler*innen erhalten einen individuellen Zugang, um ihren pers\u00f6nlichen Vertretungsplan sehen zu k\u00f6nnen.<\/p>\n<\/div>\" href=\"https:\/\/www.gesamtschule-stade.de\/?glossary=vertretungsplan\">Ver\u00adtre\u00adtungs\u00adplan<\/a><\/li><\/ul><\/div><div class=\"wpg-list-block wpg-filter-w mix\" data-filter-base=\"w\"><h3 class=\"wpg-list-block-heading\">W<\/h3><ul class=\"wpg-list-items\"><li class=\"wpg-list-item\"><a class=\"wpg-list-item-title wpg-tooltip\" title=\"<h3 class=&quot;wpg-tooltip-title&quot;><span class=&quot;wpg-tooltip-term-title&quot;>Werkst\u00e4tten<\/span><\/h3><div class=&quot;wpg-tooltip-content&quot;><p style=&quot;text-align: justify;&quot;>Wer in den Jahrg\u00e4ngen 6 bis 8 keine 2. Fremdsprache erlernt, besucht Werkst\u00e4tten aus den Bereichen Musik, Kunst, Technik, Informatik, Naturwissenschaften, Kultur oder Sport.<\/p>\n<\/div>\" href=\"https:\/\/www.gesamtschule-stade.de\/?glossary=werkstaetten\">Werk\u00adst\u00e4t\u00adten<\/a><\/li><li class=\"wpg-list-item\"><a class=\"wpg-list-item-title wpg-tooltip\" title=\"<h3 class=&quot;wpg-tooltip-title&quot;><span class=&quot;wpg-tooltip-term-title&quot;>Wilhelmine<\/span><\/h3><div class=&quot;wpg-tooltip-content&quot;><p style=&quot;text-align: justify;&quot;>Die Wilhelmine ist ein Schulschiff, das im Stader Hafen liegt. Sch\u00fcler*innen unserer Schule k\u00f6nnen im Neigungskurs \u201eWilhelmine\u201c dieses Schiff genauer kennen lernen und bei seiner Pflege und Instandhaltung unterst\u00fctzen. Sie lernen etwas Segeltheorie und etwas traditionelle Seemannssprache. Und nat\u00fcrlich wird auch mal gesegelt.<\/p>\n<\/div>\" href=\"https:\/\/www.gesamtschule-stade.de\/?glossary=wilhelmine\">Wil\u00adhel\u00admi\u00adne<\/a><\/li><li class=\"wpg-list-item\"><a class=\"wpg-list-item-title wpg-tooltip\" title=\"<h3 class=&quot;wpg-tooltip-title&quot;><span class=&quot;wpg-tooltip-term-title&quot;><span class=&quot;caps&quot;>WLAN<\/span><\/span><\/h3><div class=&quot;wpg-tooltip-content&quot;><p style=&quot;text-align: justify;&quot;>Die Schule verf\u00fcgt in allen Unterrichtsr\u00e4umen \u00fcber WLAN. Die iPads der Sch\u00fcler*innen haben eine automatische Verbindung zu diesem WLAN. Die Lehrkr\u00e4fte k\u00f6nnen die Internetverbindung der Ger\u00e4te aber ausschalten.<\/p>\n<\/div>\" href=\"https:\/\/www.gesamtschule-stade.de\/?glossary=wlan\"><span class=\"caps\">WLAN<\/span><\/a><\/li><li class=\"wpg-list-item\"><a class=\"wpg-list-item-title wpg-tooltip\" title=\"<h3 class=&quot;wpg-tooltip-title&quot;><span class=&quot;wpg-tooltip-term-title&quot;><span class=&quot;caps&quot;>WPK<\/span><\/span><\/h3><div class=&quot;wpg-tooltip-content&quot;><p style=&quot;text-align: justify;&quot;>Wahl-Pflicht-Kurse: In den Jahrg\u00e4ngen 9 und 10 belegen Sch\u00fcler*innen, die keine zweite Fremdsprache erlernen, einen vierst\u00fcndigen Wahl-Pflicht-Kurs: Zur Wahl stehen Gestaltung, Technik, Informatik, Natur, Darstellendes Spiel sowie Gesundheit &amp; Soziales.<\/p>\n<\/div>\" href=\"https:\/\/www.gesamtschule-stade.de\/?glossary=wpk\"><span class=\"caps\">WPK<\/span><\/a><\/li><\/ul><\/div><div class=\"wpg-list-block wpg-filter-z mix\" data-filter-base=\"z\"><h3 class=\"wpg-list-block-heading\">Z<\/h3><ul class=\"wpg-list-items\"><li class=\"wpg-list-item\"><a class=\"wpg-list-item-title wpg-tooltip\" title=\"<h3 class=&quot;wpg-tooltip-title&quot;><span class=&quot;wpg-tooltip-term-title&quot;>Zensuren<\/span><\/h3><div class=&quot;wpg-tooltip-content&quot;><p style=&quot;text-align: justify;&quot;>Zensuren\/Noten gibt es bei uns ab Klasse 9. In den Jahrg\u00e4ngen 9 und 10 gibt es 6 Notenziffern: 1 (sehr gut), 2 (gut), 3 (befriedigend), 4 (ausreichend), 5 (mangelhaft) und 6 (ungen\u00fcgend). In den Jahrg\u00e4ngen 11 bis 13 gibt es Notenpunkte von 0 bis 15, wobei 15 Punkte die beste Bewertung ist, 0 die schlechteste.<\/p>\n<\/div>\" href=\"https:\/\/www.gesamtschule-stade.de\/?glossary=zensuren\">Zen\u00adsu\u00adren<\/a><\/li><li class=\"wpg-list-item\"><a class=\"wpg-list-item-title wpg-tooltip\" title=\"<h3 class=&quot;wpg-tooltip-title&quot;><span class=&quot;wpg-tooltip-term-title&quot;>Zeugnisse<\/span><\/h3><div class=&quot;wpg-tooltip-content&quot;><p style=&quot;text-align: justify;&quot;>Zeugnisse gibt es bei uns ab dem 9. Jahrgang. Im Gegensatz zu den Lernentwicklungsberichten weisen die Zeugnisse Noten aus.<\/p>\n<\/div>\" href=\"https:\/\/www.gesamtschule-stade.de\/?glossary=zeugnisse\">Zeug\u00adnis\u00adse<\/a><\/li><li class=\"wpg-list-item\"><a class=\"wpg-list-item-title wpg-tooltip\" title=\"<h3 class=&quot;wpg-tooltip-title&quot;><span class=&quot;wpg-tooltip-term-title&quot;>Zweite Fremdsprache<\/span><\/h3><div class=&quot;wpg-tooltip-content&quot;><p style=&quot;text-align: justify;&quot;>Im Jahrgang 6 k\u00f6nnen sich die Sch\u00fcler*innen entscheiden, neben Englisch eine zweite Fremdsprache zu w\u00e4hlen. Zur Wahl stehen Franz\u00f6sisch oder Spanisch.<\/p>\n<\/div>\" href=\"https:\/\/www.gesamtschule-stade.de\/?glossary=zweite-fremdsprache\">Zwei\u00adte Fremdsprache<\/a><\/li><\/ul><\/div><\/div><div class=\"wpg-clearfix\"><\/div><\/div>\n<p>[\/vc_column_text][\/vc_column][\/vc_row][vc_row][vc_column][vc_separator color=\u201ccustom\u201d accent_color=\u201c#329a65\u201d][\/vc_column][\/vc_row]<\/p>\n<\/div>","protected":false},"excerpt":{"rendered":"<p>[vc_row css=\u201d.vc_custom_1500935168314{margin-top: 20px !important;}\u201d][vc_column][vc_custom_heading text=\u201cDas klei\u00adne IGS-W\u00f6r\u00ad\u00adter\u00ad\u00adbuch\u201d font_container=\u201ctag:h2|text_align:left|color:%23329a65\u201d google_fonts=\u201cfont_family:Raleway%<span class=\"caps\">3A100<\/span>%<span class=\"caps\">2C200<\/span>%<span class=\"caps\">2C300<\/span>%2Cregular%<span class=\"caps\">2C500<\/span>%<span class=\"caps\">2C600<\/span>%<span class=\"caps\">2C700<\/span>%<span class=\"caps\">2C800<\/span>%<span class=\"caps\">2C900<\/span>|font_style:400%20regular%<span class=\"caps\">3A400<\/span>%3Anormal\u201d][vc_separator color=\u201ccustom\u201d accent_color=\u201c#329a65\u201d][\/vc_column][\/vc_row][vc_row][vc_column][vc_column_text] [\/vc_column_text][\/vc_column][\/vc_row][vc_row][vc_column][vc_separator color=\u201ccustom\u201d accent_color=\u201c#329a65\u201d][\/vc_column][\/vc_row]<\/p>\n","protected":false},"author":1,"featured_media":0,"parent":0,"menu_order":0,"comment_status":"closed","ping_status":"closed","template":"template-home.php","meta":{"wp_typography_post_enhancements_disabled":false,"footnotes":""},"class_list":["post-13557","page","type-page","status-publish","hentry","odd"],"_links":{"self":[{"href":"https:\/\/www.gesamtschule-stade.de\/index.php?rest_route=\/wp\/v2\/pages\/13557","targetHints":{"allow":["GET"]}}],"collection":[{"href":"https:\/\/www.gesamtschule-stade.de\/index.php?rest_route=\/wp\/v2\/pages"}],"about":[{"href":"https:\/\/www.gesamtschule-stade.de\/index.php?rest_route=\/wp\/v2\/types\/page"}],"author":[{"embeddable":true,"href":"https:\/\/www.gesamtschule-stade.de\/index.php?rest_route=\/wp\/v2\/users\/1"}],"replies":[{"embeddable":true,"href":"https:\/\/www.gesamtschule-stade.de\/index.php?rest_route=%2Fwp%2Fv2%2Fcomments&post=13557"}],"version-history":[{"count":12,"href":"https:\/\/www.gesamtschule-stade.de\/index.php?rest_route=\/wp\/v2\/pages\/13557\/revisions"}],"predecessor-version":[{"id":13569,"href":"https:\/\/www.gesamtschule-stade.de\/index.php?rest_route=\/wp\/v2\/pages\/13557\/revisions\/13569"}],"wp:attachment":[{"href":"https:\/\/www.gesamtschule-stade.de\/index.php?rest_route=%2Fwp%2Fv2%2Fmedia&parent=13557"}],"curies":[{"name":"wp","href":"https:\/\/api.w.org\/{rel}","templated":true}]}}