{"id":2264,"date":"2017-08-27T13:23:01","date_gmt":"2017-08-27T11:23:01","guid":{"rendered":"http:\/\/hp2.gesamtschule-stade.de\/?page_id=2264"},"modified":"2023-11-24T18:05:44","modified_gmt":"2023-11-24T17:05:44","slug":"oberstufe","status":"publish","type":"page","link":"https:\/\/www.gesamtschule-stade.de\/?page_id=2264","title":{"rendered":"Oberstufe"},"content":{"rendered":"<div class=\"wpb-content-wrapper\"><p>[vc_row css=\u201d.vc_custom_1500935168314{margin-top: 20px !important;}\u201d][vc_column][vc_custom_heading text=\u201cDie gym\u00adna\u00adsia\u00adle Ober\u00adstu\u00adfe \u2013 ge\u00admein\u00adsam zum Ab\u00aditur\u201d font_container=\u201ctag:h2|text_align:left|color:%23329a65\u201d google_fonts=\u201cfont_family:Raleway%<span class=\"caps\">3A100<\/span>%<span class=\"caps\">2C200<\/span>%<span class=\"caps\">2C300<\/span>%2Cregular%<span class=\"caps\">2C500<\/span>%<span class=\"caps\">2C600<\/span>%<span class=\"caps\">2C700<\/span>%<span class=\"caps\">2C800<\/span>%<span class=\"caps\">2C900<\/span>|font_style:400%20regular%<span class=\"caps\">3A400<\/span>%3Anormal\u201d][\/vc_column][\/vc_row][vc_row][vc_column][vc_separator color=\u201ccustom\u201d accent_color=\u201c#329a65\u201d][\/vc_column][\/vc_row][vc_row][vc_column width=\u201c1\/2\u201d][vc_column_text]<\/p>\n<p style=\"text-align: justify;\">Die gym\u00adna\u00adsia\u00adle Ober\u00adstu\u00adfe der <span class=\"caps\">IGS<\/span> Sta\u00adde wur\u00adde mit Be\u00adginn des Schul\u00adjah\u00adres 2016\/17 er\u00f6ffnet.<\/p>\n<p style=\"text-align: justify;\">Un\u00adse\u00adre Ober\u00adstu\u00adfe bietet<\/p>\n<ul style=\"text-align: justify;\">\n<li>\n<p align=\"left\">ab\u00adwechs\u00adlungs\u00adrei\u00adche Lern- und Ar\u00adbeits\u00adfor\u00admen (ko\u00adope\u00adra\u00adti\u00adves Ler\u00adnen im Team, in\u00addi\u00advi\u00addua\u00adli\u00adsier\u00adtes Ler\u00adnen, Pro\u00adjekt\u00adler\u00adnen, IT-ge\u00adst\u00fctz\u00adtes Ler\u00adnen&nbsp;etc.),<\/p>\n<\/li>\n<li>\n<p align=\"left\">ein brei\u00adtes F\u00e4\u00adcher\u00adan\u00adge\u00adbot mit vie\u00adlen Wahlm\u00f6glichkeiten,<\/p>\n<\/li>\n<li>\n<p align=\"left\">ein en\u00adga\u00adgier\u00adtes Leh\u00adrer\u00adkol\u00adle\u00adgi\u00adum, dem die in\u00adten\u00adsi\u00adve Be\u00adra\u00adtung und Be\u00adglei\u00adtung der Sch\u00fc\u00adle\u00adrin\u00adnen und Sch\u00fc\u00adler wich\u00adtig&nbsp;ist,<\/p>\n<\/li>\n<li>\n<p align=\"left\">ef\u00adfek\u00adti\u00adve Un\u00adter\u00adst\u00fct\u00adzungs\u00adsys\u00adte\u00adme&nbsp;und<\/p>\n<\/li>\n<li>\n<p align=\"left\">ein gu\u00adtes Raum\u00adan\u00adge\u00adbot (neu ein\u00adge\u00adrich\u00adte\u00adte, mit Smart\u00adboard aus\u00adge\u00adstat\u00adte\u00adte Klassen\u2011, Kurs- und Fach\u00adr\u00e4u\u00adme, ein gro\u00ad\u00dfes Selbst\u00adlern\u00adzen\u00adtrum, Ca\u00adfe\u00adte\u00adria, Men\u00adsa&nbsp;etc.).<\/p>\n<\/li>\n<\/ul>\n<p style=\"text-align: justify;\">Im Jahr\u00adgang 11 k\u00f6n\u00adnen wir ma\u00adxi\u00admal 4 Klas\u00adsen (und da\u00admit 104 Sch\u00fc\u00adle\u00adrin\u00adnen und Sch\u00fc\u00adler) auf\u00adneh\u00admen. Alle Sch\u00fc\u00adle\u00adrin\u00adnen und Sch\u00fc\u00adler der <span class=\"caps\">IGS<\/span> Sta\u00adde ha\u00adben eine Auf\u00adnah\u00adme\u00adga\u00adran\u00adtie, wenn sie den er\u00adwei\u00adter\u00adten Se\u00adkun\u00addar\u00adab\u00adschluss I er\u00adwor\u00adben ha\u00adben. Wei\u00adte\u00adre freie Pl\u00e4t\u00adze wer\u00adden an neue Sch\u00fc\u00adle\u00adrin\u00adnen und Sch\u00fc\u00adler ver\u00adge\u00adben. Weil die <span class=\"caps\">IGS<\/span> eine Schu\u00adle in der Tr\u00e4\u00adger\u00adschaft der Han\u00adse\u00adstadt Sta\u00adde ist, ha\u00adben hier\u00adbei Sch\u00fc\u00adle\u00adrin\u00adnen und Sch\u00fc\u00adler, die im Stadt\u00adge\u00adbiet woh\u00adnen, Vor\u00adrang vor externen.<\/p>\n<p>[\/vc_column_text][\/vc_column][vc_column width=\u201c1\/2\u201d][vc_column_text]<\/p>\n<p style=\"text-align: justify;\"><strong>Do\u00adku\u00admen\u00adte <span class=\"amp\">&amp;<\/span>&nbsp;Links:<\/strong><\/p>\n<ul>\n<li style=\"text-align: justify;\"><a href=\"https:\/\/www.gesamtschule-stade.de\/wp-content\/uploads\/2017\/08\/oberstufe-flyer.pdf\" target=\"_blank\" rel=\"noopener noreferrer\">Fly\u00ader<\/a><\/li>\n<li style=\"text-align: justify;\"><a href=\"https:\/\/www.gesamtschule-stade.de\/wp-content\/uploads\/2017\/08\/oberstufe-anmeldung-extern.pdf\" target=\"_blank\" rel=\"noopener noreferrer\">An\u00admel\u00adde\u00adfor\u00admu\u00adlar f\u00fcr Neuzug\u00e4nge<\/a><\/li>\n<li style=\"text-align: justify;\"><a href=\"https:\/\/www.gesamtschule-stade.de\/wp-content\/uploads\/2017\/08\/oberstufe-anmeldung-intern.pdf\" target=\"_blank\" rel=\"noopener noreferrer\">An\u00admel\u00adde\u00adfor\u00admu\u00adlar f\u00fcr Sch\u00fc\u00adle\u00adrin\u00adnen und Sch\u00fc\u00adler der&nbsp;<span class=\"caps\">IGS<\/span><\/a><\/li>\n<li style=\"text-align: justify;\"><a href=\"https:\/\/www.gesamtschule-stade.de\/wp-content\/uploads\/2017\/08\/oberstufe-praesentation.pdf\" target=\"_blank\" rel=\"noopener noreferrer\">Pr\u00e4\u00adsen\u00adta\u00adti\u00adon zur Oberstufe<\/a><\/li>\n<li><a href=\"#faq\">H\u00e4u\u00adfig ge\u00adstell\u00adte Fra\u00adgen (<span class=\"caps\">FAQ<\/span>)<\/a><\/li>\n<\/ul>\n<p>[\/vc_column_text][vc_column_text]<\/p>\n<p style=\"text-align: justify;\"><strong>Wich\u00adti\u00adge Termine:<\/strong><\/p>\n<ul>\n<li style=\"text-align: justify;\"><strong>In\u00adfor\u00adma\u00adti\u00adons\u00adabend zur Sek&nbsp;<span class=\"caps\">II<\/span>:<\/strong><br>\nDer In\u00adfor\u00adma\u00adti\u00adons\u00adabend zur Sek&nbsp;<span class=\"caps\">II<\/span>&nbsp;fin\u00addet stets An\u00adfang No\u00advem\u00adber in der Aula der&nbsp;<span class=\"caps\">IGS<\/span>&nbsp;Sta\u00adde&nbsp;statt. Den ge\u00adnau\u00aden Ter\u00admin ent\u00adneh\u00admen Sie bit\u00adte dem <a href=\"https:\/\/www.gesamtschule-stade.de\/?page_id=11442\" target=\"_blank\" rel=\"noopener\"><strong>Ter\u00admin\u00adka\u00adlen\u00adder<\/strong><\/a>.<\/li>\n<li style=\"text-align: justify;\"><strong>An\u00admel\u00addung f\u00fcr Jahr\u00adgang&nbsp;11:<\/strong><br>\nDie An\u00admel\u00addung f\u00fcr die 11. Klas\u00adse ist je\u00addes Jahr An\u00adfang Fe\u00adbru\u00adar m\u00f6g\u00adlich. F\u00fcr Neu\u00adzu\u00adg\u00e4n\u00adge fin\u00adden an zwei Ta\u00adgen Be\u00adra\u00adtungs\u00adge\u00adspr\u00e4\u00adche in der Zeit von 14\u201318 Uhr in der&nbsp;<span class=\"caps\">IGS<\/span> Sta\u00adde&nbsp;statt. Noch vor den Som\u00admer\u00adfe\u00adri\u00aden fin\u00addet ein Ken\u00adnen\u00adlern\u00adtag f\u00fcr die neu\u00aden 11. Klas\u00adsen statt. Die ge\u00adnau\u00aden Ter\u00admi\u00adne ent\u00adneh\u00admen Sie bit\u00adte dem <strong><a href=\"https:\/\/www.gesamtschule-stade.de\/?page_id=11442\" target=\"_blank\" rel=\"noopener\">Ter\u00admin\u00adka\u00adlen\u00adder<\/a><\/strong>. All\u00adge\u00admei\u00adner Ablauf:\n<ul>\n<li style=\"text-align: justify;\"><strong>An\u00adfang Fe\u00adbru\u00adar:<\/strong> An\u00admel\u00addung f\u00fcr die 11. Klasse<\/li>\n<li style=\"text-align: justify;\"><strong>Mit\u00adte Fe\u00adbru\u00adar:<\/strong> Be\u00adschei\u00adde \u00fcber die Auf\u00adnah\u00adme wer\u00adden versendet.<\/li>\n<li style=\"text-align: justify;\"><strong>Ende des Schul\u00adjah\u00adres:<\/strong> Ken\u00adnen\u00adlern\u00adtag f\u00fcr die neu\u00aden 11. Klas\u00adsen in der&nbsp;<span class=\"caps\">IGS<\/span>&nbsp;Sta\u00adde \/ Vor\u00adla\u00adge des Abschlusszeugnisses<\/li>\n<\/ul>\n<\/li>\n<\/ul>\n<p>[\/vc_column_text][\/vc_column][\/vc_row][vc_row][vc_column width=\u201c1\/2\u201d][vc_custom_heading text=\u201cInformation zur Ober\u00adstu\u00adfe\u201d font_container=\u201ctag:h2|text_align:center|color:%23ffffff\u201d use_theme_fonts=\u201cyes\u201d css=\u201d.vc_custom_1610633989135{background-color: #359b68 !important;}\u201d][vc_column_text css=\u201d.vc_custom_1665821327601{padding-top: 20px !important;padding-right: 20px !important;padding-bottom: 20px !important;padding-left: 20px !important;background-color: #359b68 !im\u00adportant;}\u201d]<\/p>\n<p style=\"text-align: justify;\"><span style=\"color: #ffffff;\">Um ei\u00adnen ers\u00adten \u00dcber\u00adblick \u00fcber die Ober\u00adstu\u00adfe zu ge\u00adben und ers\u00adte dr\u00e4n\u00adgen\u00adde Fra\u00adgen zu kl\u00e4\u00adren, ha\u00adben wir ein aus\u00adf\u00fchr\u00adli\u00adches Info-Vi\u00addeo er\u00adstellt. Das Vi\u00addeo rich\u00adtet sich an Sch\u00fcler*innen des 10. Jahr\u00adgangs, die im kom\u00admen\u00adden Schul\u00adjahr in die Ober\u00adstu\u00adfe \u00fcber\u00adge\u00adhen m\u00f6ch\u00adten, so\u00adwie de\u00adren Eltern:<br>\n<\/span><\/p>\n<p style=\"text-align: justify;\"><iframe loading=\"lazy\" src=\"\/\/www.youtube.com\/embed\/Cn8on66KiaU\" width=\"560\" height=\"314\" allowfullscreen=\"allowfullscreen\"><\/iframe><\/p>\n<p style=\"text-align: justify;\"><span style=\"color: #ffffff;\">Um best\u00adm\u00f6g\u00adlich auch auf in\u00addi\u00advi\u00addu\u00adel\u00adle Fra\u00adgen ein\u00adzu\u00adge\u00adhen, k\u00f6n\u00adnen Sie die\u00adse im Kon\u00adtakt\u00adfor\u00admu\u00adlar auf die\u00adser Sei\u00adte (an\u00adonym) stel\u00adlen. In re\u00adgel\u00adm\u00e4\u00ad\u00dfi\u00adgen Ab\u00adst\u00e4n\u00adden wer\u00adden wir die Fra\u00adgen in un\u00adse\u00adre <span class=\"caps\">FAQ<\/span> (sie\u00adhe un\u00adten) auf\u00adneh\u00admen und dort be\u00adant\u00adwor\u00adten. Bei sehr in\u00addi\u00advi\u00addu\u00adel\u00adlen Fra\u00adgen k\u00f6n\u00adnen auch Kon\u00adtakt\u00adda\u00adten f\u00fcr eine per\u00ads\u00f6n\u00adli\u00adche R\u00fcck\u00admel\u00addung an\u00adge\u00adge\u00adben werden.<\/span><\/p>\n<p>[\/vc_column_text][\/vc_column][vc_column width=\u201c1\/2\u201d][vc_column_text]\n<\/p><div class=\"wpcf7 no-js\" id=\"wpcf7-f11766-o1\" lang=\"de-DE\" dir=\"ltr\" data-wpcf7-id=\"11766\">\n<div class=\"screen-reader-response\"><p role=\"status\" aria-live=\"polite\" aria-atomic=\"true\"><\/p> <ul><\/ul><\/div>\n<form action=\"\/index.php?rest_route=%2Fwp%2Fv2%2Fpages%2F2264#wpcf7-f11766-o1\" method=\"post\" class=\"wpcf7-form init\" aria-label=\"Kontaktformular\" novalidate=\"novalidate\" data-status=\"init\">\n<fieldset class=\"hidden-fields-container\"><input type=\"hidden\" name=\"_wpcf7\" value=\"11766\"><input type=\"hidden\" name=\"_wpcf7_version\" value=\"6.1.5\"><input type=\"hidden\" name=\"_wpcf7_locale\" value=\"de_DE\"><input type=\"hidden\" name=\"_wpcf7_unit_tag\" value=\"wpcf7-f11766-o1\"><input type=\"hidden\" name=\"_wpcf7_container_post\" value=\"0\"><input type=\"hidden\" name=\"_wpcf7_posted_data_hash\" value>\n<\/fieldset>\n<p><label> Ihr Anliegen:<br>\n<span class=\"wpcf7-form-control-wrap\" data-name=\"your-subject\"><input size=\"40\" maxlength=\"400\" class=\"wpcf7-form-control wpcf7-text\" aria-invalid=\"false\" value type=\"text\" name=\"your-subject\"><\/span> <\/label>\n<\/p>\n<p><label> Ihre&nbsp;Frage:<br>\n<span class=\"wpcf7-form-control-wrap\" data-name=\"your-message\"><textarea cols=\"40\" rows=\"10\" maxlength=\"2000\" class=\"wpcf7-form-control wpcf7-textarea wpcf7-validates-as-required\" aria-required=\"true\" aria-invalid=\"false\" name=\"your-message\"><\/textarea><\/span> <\/label>\n<\/p>\n<p><label> Ihr Name: (wenn per\u00ads\u00f6n\u00adli\u00adche Kon\u00adtakt\u00adauf\u00adnah\u00adme erw\u00fcnscht)<br>\n<span class=\"wpcf7-form-control-wrap\" data-name=\"your-name\"><input size=\"40\" maxlength=\"400\" class=\"wpcf7-form-control wpcf7-text\" aria-invalid=\"false\" value type=\"text\" name=\"your-name\"><\/span> <\/label>\n<\/p>\n<p><label> Wie k\u00f6n\u00adnen wir Sie er\u00adrei\u00adchen? (wenn per\u00ads\u00f6n\u00adli\u00adche Kon\u00adtakt\u00adauf\u00adnah\u00adme erw\u00fcnscht)<br>\n<span class=\"wpcf7-form-control-wrap\" data-name=\"your-contact\"><input size=\"40\" maxlength=\"400\" class=\"wpcf7-form-control wpcf7-text\" aria-invalid=\"false\" value type=\"text\" name=\"your-contact\"><\/span> <\/label>\n<\/p>\n<p><input class=\"wpcf7-form-control wpcf7-submit has-spinner\" type=\"submit\" value=\"Frage absenden\">\n<\/p><div class=\"wpcf7-response-output\" aria-hidden=\"true\"><\/div>\n<\/form>\n<\/div>\n[\/vc_column_text][\/vc_column][\/vc_row][vc_row][vc_column][vc_separator color=\u201ccustom\u201d accent_color=\u201c#329a65\u201d][\/vc_column][\/vc_row][vc_row css=\u201d.vc_custom_1605559047020{margin-bottom: 25px !important;}\u201d][vc_column][vc_custom_heading text=\u201c<span class=\"caps\">FAQ<\/span> \u2013 H\u00e4u\u00adfig ge\u00adstell\u00adte Fra\u00adgen zur Se\u00adkun\u00addar\u00adstu\u00adfe <span class=\"caps\">II<\/span> an der <span class=\"caps\">IGS<\/span> Sta\u00adde\u2026 be\u00adant\u00adwor\u00adtet\u201d font_container=\u201ctag:h2|text_align:left|color:%23329a65\u201d google_fonts=\u201cfont_family:Raleway%<span class=\"caps\">3A100<\/span>%<span class=\"caps\">2C200<\/span>%<span class=\"caps\">2C300<\/span>%2Cregular%<span class=\"caps\">2C500<\/span>%<span class=\"caps\">2C600<\/span>%<span class=\"caps\">2C700<\/span>%<span class=\"caps\">2C800<\/span>%<span class=\"caps\">2C900<\/span>|font_style:400%20regular%<span class=\"caps\">3A400<\/span>%3Anormal\u201d][\/vc_column][\/vc_row][vc_row][vc_column width=\u201c1\/2\u201d el_id=\u201cfaq\u201d][vc_toggle title=\u201cKann man an der <span class=\"caps\">IGS<\/span> ein ganz \u201enor\u00adma\u00adles\u201c Ab\u00aditur erreichen?\u201d]\n<p style=\"text-align: justify;\">Ja! Un\u00adse\u00adre Sch\u00fcler*innen le\u00adgen am Ende des 13. Jahr\u00adgangs die Pr\u00fc\u00adfun\u00adgen des lan\u00addes\u00adein\u00adheit\u00adli\u00adchen Zen\u00adtral\u00adab\u00aditurs ab. S\u00e4mt\u00adli\u00adche In\u00adhal\u00adte und Vor\u00adga\u00adben sind an al\u00adlen gym\u00adna\u00adsia\u00adlen Ober\u00adstu\u00adfen in Nie\u00adder\u00adsach\u00adsen iden\u00adtisch. Das Ab\u00aditur an der <span class=\"caps\">IGS<\/span> Sta\u00adde ist also das glei\u00adche Ab\u00aditur wie an al\u00adlen an\u00adde\u00adren Gym\u00adna\u00adsi\u00aden und Ge\u00adsamt\u00adschu\u00adlen mit gym\u00adna\u00adsia\u00adler Oberstufe.<\/p>\n<p>[\/vc_toggle][vc_toggle title=\u201cWorin un\u00adter\u00adschei\u00addet sich die Ober\u00adstu\u00adfe der <span class=\"caps\">IGS<\/span> von an\u00adde\u00adren Oberstufen?\u201d]<\/p>\n<p style=\"text-align: justify;\">Wir be\u00adm\u00fc\u00adhen uns auch in der gym\u00adna\u00adsia\u00adlen Ober\u00adstu\u00adfe sehr dar\u00adum, ein m\u00f6g\u00adlichst en\u00adges und ver\u00adtrau\u00adens\u00advol\u00adles Ver\u00adh\u00e4lt\u00adnis zu un\u00adse\u00adren Sch\u00fcler*innen zu pfle\u00adgen und sie best\u00adm\u00f6g\u00adlich in\u00addi\u00advi\u00addu\u00adell zu f\u00f6rdern.<\/p>\n<p style=\"text-align: justify;\">Un\u00adse\u00adre Ober\u00adstu\u00adfe zeich\u00adnet sich durch ei\u00adnen sehr gu\u00adten Zu\u00adsam\u00admen\u00adhalt in der Sch\u00fc\u00adler\u00adschaft, so\u00adwie ei\u00adnen freund\u00adli\u00adchen und per\u00ads\u00f6n\u00adli\u00adchen Um\u00adgang zwi\u00adschen Lehrer*innen und Sch\u00fcler*innen und den Sch\u00fcler*innen un\u00adter\u00adein\u00adan\u00adder&nbsp;aus.<\/p>\n<p style=\"text-align: justify;\">In der t\u00e4g\u00adli\u00adchen Ar\u00adbeit be\u00adm\u00fc\u00adhen wir uns zu\u00addem sehr dar\u00adum, die Ko\u00adope\u00adra\u00adti\u00adon der Sch\u00fc\u00adler\u00adschaft zu st\u00e4rken.<\/p>\n<p style=\"text-align: justify;\">Wir ver\u00adsu\u00adchen auf\u00adtre\u00adten\u00adde Pro\u00adble\u00adme ziel- und sch\u00fc\u00adler\u00adori\u00aden\u00adtiert zu l\u00f6\u00adsen und un\u00adse\u00adre Sch\u00fcler*innen auf ih\u00adrem Weg zum best\u00adm\u00f6g\u00adli\u00adchen Schul\u00adab\u00adschluss gut zu begleiten.<\/p>\n<p style=\"text-align: justify;\">Nach un\u00adse\u00adren bis\u00adhe\u00adri\u00adgen Er\u00adfah\u00adrun\u00adgen zahlt sich die\u00adse Her\u00adan\u00adge\u00adhens\u00adwei\u00adse aus: In der Re\u00adgel kom\u00admen un\u00adse\u00adre Sch\u00fcler*innen gern zur Schu\u00adle und f\u00fch\u00adlen sich in der <span class=\"caps\">IGS<\/span> Sta\u00adde wohl und wis\u00adsen, wo sie ggf. Hil\u00adfe\u00adstel\u00adlung bekommen.<\/p>\n<p style=\"text-align: justify;\">In den Pro\u00adfi\u00adlen der Qua\u00adli\u00adfi\u00adka\u00adti\u00adons\u00adpha\u00adse ha\u00adben die Sch\u00fc\u00adle\u00adrin\u00adnen und Sch\u00fc\u00adler viel ge\u00admein\u00adsa\u00admen Un\u00adter\u00adricht, so dass trotz des Kurs\u00adsys\u00adtems eine Pro\u00adfil\u00adiden\u00adti\u00adt\u00e4t, ein \u201eZu\u00adhau\u00adse\u201c im ei\u00adge\u00adnen Kurs\u00adraum und eine enge Bin\u00addung zu den Tutor*innen entsteht.<\/p>\n<p>[\/vc_toggle][\/vc_column][vc_column width=\u201c1\/2\u201d][vc_toggle title=\u201cGibt es in der <span class=\"caps\">IGS<\/span> be\u00adson\u00adde\u00adre Unterst\u00fctzungsangebote?\u201d]<\/p>\n<p style=\"text-align: justify;\"><em>Ich bin mir un\u00adsi\u00adcher, ob ich den Schritt in die Ober\u00adstu\u00adfe wa\u00adgen soll. Ich be\u00adf\u00fcrch\u00adte, dass ich es nicht schaf\u00adfe mei\u00adne De\u00adfi\u00adzi\u00adte auf\u00adzu\u00adar\u00adbei\u00adten und mich des\u00adhalb zu stark un\u00adter Druck set\u00adze. Gibt es in der <span class=\"caps\">IGS<\/span> be\u00adson\u00adde\u00adre Unterst\u00fctzungsangebote?<\/em><\/p>\n<p style=\"text-align: justify;\">An der <span class=\"caps\">IGS<\/span> Sta\u00adde se\u00adhen wir die 11. Klas\u00adse tat\u00ads\u00e4ch\u00adlich noch als \u201eEin\u00adf\u00fch\u00adrungs\u00adpha\u00adse\u201c, die da\u00adf\u00fcr da ist, m\u00f6g\u00adli\u00adche De\u00adfi\u00adzi\u00adte auf\u00adzu\u00adar\u00adbei\u00adten, da\u00admit am Ende eine sinn\u00advol\u00adle Kurs\u00adwahl f\u00fcr die Qua\u00adli\u00adfi\u00adka\u00adti\u00adons\u00adpha\u00adse (Jahr\u00adg\u00e4n\u00adge 12 und 13) ge\u00adtrof\u00adfen wer\u00adden&nbsp;kann.<\/p>\n<p style=\"text-align: justify;\">Wir sind da\u00adher sehr dar\u00adum be\u00adm\u00fcht, alle Sch\u00fcler*innen dort \u201eab\u00adzu\u00adho\u00adlen\u201c, wo sie ge\u00adra\u00adde sind. Dies be\u00addeu\u00adtet, dass alle Sch\u00fcler*innen in den 11. Klas\u00adsen im Rah\u00admen von Sch\u00fc\u00adler-Leh\u00adrer-Ge\u00adspr\u00e4\u00adchen zeit\u00adnah kon\u00adkre\u00adte R\u00fcck\u00admel\u00addun\u00adgen zum ih\u00adrem in\u00addi\u00advi\u00addu\u00adel\u00adlen Leis\u00adtungs\u00adstand be\u00adkom\u00admen. Dies gilt so\u00adwohl f\u00fcr die F\u00e4\u00adcher, in de\u00adnen es gut l\u00e4uft, als auch f\u00fcr jene F\u00e4\u00adcher, in de\u00adnen die schu\u00adli\u00adschen Leis\u00adtun\u00adgen noch nicht ganz dem Soll ent\u00adspre\u00adchen. Auf die\u00adser Grund\u00adla\u00adge k\u00f6n\u00adnen Schwer\u00adpunk\u00adte ge\u00adsetzt wer\u00adden, die da\u00adbei hel\u00adfen das Ar\u00adbeits\u00adpen\u00adsum ins\u00adge\u00adsamt in ei\u00adnem ge\u00adsun\u00adden Rah\u00admen zu hal\u00adten. Zu\u00addem sind un\u00adse\u00adre Lehr\u00adkr\u00e4f\u00adte in ste\u00adti\u00adgem Kon\u00adtakt mit ih\u00adren Sch\u00fcler*innen und k\u00f6n\u00adnen durch in\u00addi\u00advi\u00addu\u00adel\u00adle F\u00f6r\u00adde\u00adrung unterst\u00fctzen.<\/p>\n<p style=\"text-align: justify;\">Den\u00adnoch soll\u00adte man sich klar\u00adma\u00adchen, dass der per\u00ads\u00f6n\u00adli\u00adche Er\u00adfolg in der gym\u00adna\u00adsia\u00adlen Ober\u00adstu\u00adfe f\u00fcr die meis\u00adten Sch\u00fcler*innen mit ei\u00adner ho\u00adhen Leis\u00adtungs\u00adbe\u00adreit\u00adschaft, viel Flei\u00df und gu\u00adtem Durch\u00adhal\u00adte\u00adver\u00adm\u00f6\u00adgen einhergeht.<\/p>\n<p>[\/vc_toggle][vc_toggle title=\u201cWann und wo kann ich mich \/ mein Kind anmelden?\u201d]Die An\u00admel\u00addung f\u00fcr die Se\u00adkun\u00addar\u00adstu\u00adfe <span class=\"caps\">II<\/span> der <span class=\"caps\">IGS<\/span> Sta\u00adde fin\u00addet je\u00addes Jahr An\u00adfang Fe\u00adbru\u00adar&nbsp;statt.<\/p>\n<p>Wir la\u00adden alle Sch\u00fcler*innen, die ih\u00adren er\u00adwei\u00adter\u00adten Se\u00adkun\u00addar\u00adab\u00adschluss I an <strong>ei\u00adner an\u00adde\u00adren Schu\u00adle<\/strong> er\u00adrei\u00adchen, dazu ein, die <a href=\"https:\/\/www.gesamtschule-stade.de\/wp-content\/uploads\/2017\/08\/oberstufe-anmeldung-extern.pdf\" target=\"_blank\" rel=\"noopener noreferrer\"><strong>An\u00admel\u00adde\u00adun\u00adter\u00adla\u00adgen<\/strong> <\/a>im Rah\u00admen ei\u00adnes per\u00ads\u00f6n\u00adli\u00adchen Ge\u00adspr\u00e4chs bei uns ab\u00adzu\u00adge\u00adben. Die kon\u00adkre\u00adten Ter\u00admi\u00adne fin\u00adden Sie <strong>oben<\/strong>.<\/p>\n<p>Sch\u00fcler*innen un\u00adse\u00adrer Schu\u00adle m\u00fcs\u00adsen sich eben\u00adfalls frist\u00adge\u00adrecht (<strong>sie\u00adhe oben<\/strong>) an\u00admel\u00adden. Al\u00adler\u00addings k\u00f6n\u00adnen die An\u00admel\u00adde\u00adun\u00adter\u00adla\u00adgen f\u00fcr <a href=\"https:\/\/www.gesamtschule-stade.de\/wp-content\/uploads\/2017\/08\/oberstufe-anmeldung-intern.pdf\" target=\"_blank\" rel=\"noopener noreferrer\"><strong><span class=\"caps\">IGS<\/span> Sch\u00fcler*innen<\/strong><\/a> ein\u00adfach im Se\u00adkre\u00adta\u00adri\u00adat ab\u00adge\u00adge\u00adben werden.[\/vc_toggle][\/vc_column][\/vc_row][vc_row][vc_column][vc_separator color=\u201ccustom\u201d accent_color=\u201c#329a65\u201d][\/vc_column][\/vc_row]<\/p>\n<\/div>","protected":false},"excerpt":{"rendered":"<p>[vc_row css=\u201d.vc_custom_1500935168314{margin-top: 20px !important;}\u201d][vc_column][vc_custom_heading text=\u201cDie gym\u00adna\u00adsia\u00adle Ober\u00adstu\u00adfe \u2013 ge\u00admein\u00adsam zum Ab\u00aditur\u201d font_container=\u201ctag:h2|text_align:left|color:%23329a65\u201d google_fonts=\u201cfont_family:Raleway%<span class=\"caps\">3A100<\/span>%<span class=\"caps\">2C200<\/span>%<span class=\"caps\">2C300<\/span>%2Cregular%<span class=\"caps\">2C500<\/span>%<span class=\"caps\">2C600<\/span>%<span class=\"caps\">2C700<\/span>%<span class=\"caps\">2C800<\/span>%<span class=\"caps\">2C900<\/span>|font_style:400%20regular%<span class=\"caps\">3A400<\/span>%3Anormal\u201d][\/vc_column][\/vc_row][vc_row][vc_column][vc_separator color=\u201ccustom\u201d accent_color=\u201c#329a65\u201d][\/vc_column][\/vc_row][vc_row][vc_column width=\u201c1\/2\u201d][vc_column_text] Die gym\u00adna\u00adsia\u00adle Ober\u00adstu\u00adfe der <span class=\"caps\">IGS<\/span> Sta\u00adde wur\u00adde mit Be\u00adginn des Schul\u00adjah\u00adres 2016\/17 er\u00ad\u00f6ff\u00adnet. Un\u00adse\u00adre Ober\u00adstu\u00adfe bie\u00adtet ab\u00adwechs\u00adlungs\u00adrei\u00adche Lern- und Ar\u00adbeits\u00adfor\u00admen (ko\u00adope\u00adra\u00adti\u00adves Ler\u00adnen im Team, in\u00addi\u00advi\u00addua\u00adli\u00adsier\u00adtes Ler\u00adnen, Pro\u00adjekt\u00adler\u00adnen, IT-ge\u00ad\u00adst\u00fct\u00adz\u00ad\u00adtes Ler\u00adnen&nbsp;etc.), ein brei\u00adtes F\u00e4\u00adcher\u00adan\u00adge\u00adbot mit vie\u00adlen Wahl\u00adm\u00f6g\u00adlich\u00adkei\u00adten, ein en\u00adga\u00adgier\u00adtes Leh\u00adrer\u00adkol\u00adle\u00adgi\u00adum, dem die in\u00adten\u00adsi\u00adve Be\u00adra\u00adtung und Be\u00adglei\u00adtung&nbsp;<a href=\"https:\/\/www.gesamtschule-stade.de\/?page_id=2264\">\u2026<\/a><\/p>\n","protected":false},"author":1,"featured_media":0,"parent":0,"menu_order":0,"comment_status":"closed","ping_status":"closed","template":"template-home.php","meta":{"wp_typography_post_enhancements_disabled":false,"footnotes":""},"class_list":["post-2264","page","type-page","status-publish","hentry","odd"],"_links":{"self":[{"href":"https:\/\/www.gesamtschule-stade.de\/index.php?rest_route=\/wp\/v2\/pages\/2264","targetHints":{"allow":["GET"]}}],"collection":[{"href":"https:\/\/www.gesamtschule-stade.de\/index.php?rest_route=\/wp\/v2\/pages"}],"about":[{"href":"https:\/\/www.gesamtschule-stade.de\/index.php?rest_route=\/wp\/v2\/types\/page"}],"author":[{"embeddable":true,"href":"https:\/\/www.gesamtschule-stade.de\/index.php?rest_route=\/wp\/v2\/users\/1"}],"replies":[{"embeddable":true,"href":"https:\/\/www.gesamtschule-stade.de\/index.php?rest_route=%2Fwp%2Fv2%2Fcomments&post=2264"}],"version-history":[{"count":42,"href":"https:\/\/www.gesamtschule-stade.de\/index.php?rest_route=\/wp\/v2\/pages\/2264\/revisions"}],"predecessor-version":[{"id":14482,"href":"https:\/\/www.gesamtschule-stade.de\/index.php?rest_route=\/wp\/v2\/pages\/2264\/revisions\/14482"}],"wp:attachment":[{"href":"https:\/\/www.gesamtschule-stade.de\/index.php?rest_route=%2Fwp%2Fv2%2Fmedia&parent=2264"}],"curies":[{"name":"wp","href":"https:\/\/api.w.org\/{rel}","templated":true}]}}